{"id":3727,"date":"2022-06-28T16:12:48","date_gmt":"2022-06-28T14:12:48","guid":{"rendered":"https:\/\/chateau-plessis-mace.fr\/?page_id=3727"},"modified":"2026-04-27T17:12:22","modified_gmt":"2026-04-27T15:12:22","slug":"visites","status":"publish","type":"page","link":"https:\/\/chateau-plessis-mace.fr\/fr\/visites-animations\/visites\/","title":{"rendered":"Visites"},"content":{"rendered":"[vc_row type=\u00a0\u00bbfull_width_content\u00a0\u00bb full_screen_row_position=\u00a0\u00bbmiddle\u00a0\u00bb column_margin=\u00a0\u00bbdefault\u00a0\u00bb column_direction=\u00a0\u00bbdefault\u00a0\u00bb column_direction_tablet=\u00a0\u00bbdefault\u00a0\u00bb column_direction_phone=\u00a0\u00bbdefault\u00a0\u00bb scene_position=\u00a0\u00bbcenter\u00a0\u00bb text_color=\u00a0\u00bbdark\u00a0\u00bb text_align=\u00a0\u00bbleft\u00a0\u00bb row_border_radius=\u00a0\u00bbnone\u00a0\u00bb row_border_radius_applies=\u00a0\u00bbbg\u00a0\u00bb overlay_strength=\u00a0\u00bb0.3&Prime; gradient_direction=\u00a0\u00bbleft_to_right\u00a0\u00bb shape_divider_position=\u00a0\u00bbbottom\u00a0\u00bb bg_image_animation=\u00a0\u00bbnone\u00a0\u00bb shape_type=\u00a0\u00bb\u00a0\u00bb][vc_column column_padding=\u00a0\u00bbno-extra-padding\u00a0\u00bb column_padding_tablet=\u00a0\u00bbinherit\u00a0\u00bb column_padding_phone=\u00a0\u00bbinherit\u00a0\u00bb column_padding_position=\u00a0\u00bball\u00a0\u00bb background_color_opacity=\u00a0\u00bb1&Prime; background_hover_color_opacity=\u00a0\u00bb1&Prime; column_shadow=\u00a0\u00bbnone\u00a0\u00bb column_border_radius=\u00a0\u00bbnone\u00a0\u00bb column_link_target=\u00a0\u00bb_self\u00a0\u00bb gradient_direction=\u00a0\u00bbleft_to_right\u00a0\u00bb overlay_strength=\u00a0\u00bb0.3&Prime; width=\u00a0\u00bb1\/1&Prime; tablet_width_inherit=\u00a0\u00bbdefault\u00a0\u00bb tablet_text_alignment=\u00a0\u00bbdefault\u00a0\u00bb phone_text_alignment=\u00a0\u00bbdefault\u00a0\u00bb column_border_width=\u00a0\u00bbnone\u00a0\u00bb column_border_style=\u00a0\u00bbsolid\u00a0\u00bb bg_image_animation=\u00a0\u00bbnone\u00a0\u00bb][vc_raw_html]JTNDZGl2JTIwY2xhc3MlM0QlMjJlbS1ldmVudC1oZWFkZXItaW1hZ2UlMjIlMjBzdHlsZSUzRCUyMmJhY2tncm91bmQtaW1hZ2UlM0ElMjB1cmwlMjglMjclMkZ3cC1jb250ZW50JTJGdXBsb2FkcyUyRjIwMjIlMkYwOSUyRlZpc2l0ZWd1aWRlZV9DaHJpc3RvcGhlLU1hcnRpbl8yMDIxX0NQTS02X2Jhbm5pZXJlLmpwZyUyNyUyOSUyMiUzRSUwQSUzQ2RpdiUyMGNsYXNzJTNEJTIyZW0tZXZlbnQtaGVhZGVyLWluZm8lMjIlM0UlMEElMjAlMjAlMjAlMjAlM0NkaXYlMjBjbGFzcyUzRCUyMmVtLWV2ZW50LWhlYWRlci1pbmZvX190YXhvbm9teSUyMiUzRSUwQSUyMCUyMCUyMCUyMCUyMCUyMCUwQSUyMCUyMCUyMCUyMCUzQyUyRmRpdiUzRSUwQSUyMCUyMCUyMCUyMCUzQ2RpdiUyMGNsYXNzJTNEJTIyZW0tZXZlbnQtaGVhZGVyLWluZm9fX3RpdGxlJTIyJTNFJTBBJTIwJTIwJTIwJTIwJTIwJTIwVmlzaXRlcyUwQSUyMCUyMCUyMCUyMCUzQyUyRmRpdiUzRSUwQSUyMCUyMCUzQyUyRmRpdiUzRSUzQyUyRmRpdiUzRQ==[\/vc_raw_html][\/vc_column][\/vc_row][vc_row type=\u00a0\u00bbfull_width_background\u00a0\u00bb full_screen_row_position=\u00a0\u00bbmiddle\u00a0\u00bb column_margin=\u00a0\u00bbdefault\u00a0\u00bb column_direction=\u00a0\u00bbdefault\u00a0\u00bb column_direction_tablet=\u00a0\u00bbdefault\u00a0\u00bb column_direction_phone=\u00a0\u00bbdefault\u00a0\u00bb scene_position=\u00a0\u00bbcenter\u00a0\u00bb top_padding=\u00a0\u00bb0&Prime; bottom_padding=\u00a0\u00bb0&Prime; top_padding_phone=\u00a0\u00bb50&Prime; text_color=\u00a0\u00bbdark\u00a0\u00bb text_align=\u00a0\u00bbleft\u00a0\u00bb row_border_radius=\u00a0\u00bbnone\u00a0\u00bb row_border_radius_applies=\u00a0\u00bbbg\u00a0\u00bb overlay_strength=\u00a0\u00bb0.3&Prime; gradient_direction=\u00a0\u00bbleft_to_right\u00a0\u00bb shape_divider_position=\u00a0\u00bbbottom\u00a0\u00bb bg_image_animation=\u00a0\u00bbnone\u00a0\u00bb shape_type=\u00a0\u00bb\u00a0\u00bb][vc_column column_padding=\u00a0\u00bbno-extra-padding\u00a0\u00bb column_padding_tablet=\u00a0\u00bbinherit\u00a0\u00bb column_padding_phone=\u00a0\u00bbinherit\u00a0\u00bb column_padding_position=\u00a0\u00bball\u00a0\u00bb background_color_opacity=\u00a0\u00bb1&Prime; background_hover_color_opacity=\u00a0\u00bb1&Prime; column_shadow=\u00a0\u00bbnone\u00a0\u00bb column_border_radius=\u00a0\u00bbnone\u00a0\u00bb column_link_target=\u00a0\u00bb_self\u00a0\u00bb gradient_direction=\u00a0\u00bbleft_to_right\u00a0\u00bb overlay_strength=\u00a0\u00bb0.3&Prime; width=\u00a0\u00bb1\/1&Prime; tablet_width_inherit=\u00a0\u00bbdefault\u00a0\u00bb tablet_text_alignment=\u00a0\u00bbdefault\u00a0\u00bb phone_text_alignment=\u00a0\u00bbdefault\u00a0\u00bb column_border_width=\u00a0\u00bbnone\u00a0\u00bb column_border_style=\u00a0\u00bbsolid\u00a0\u00bb bg_image_animation=\u00a0\u00bbnone\u00a0\u00bb][vc_raw_html el_class=\u00a0\u00bbem-side-text em-side-text__top b&#8211;450&Prime;]JTNDc3BhbiUzRXZpc2l0ZXMlM0MlMkZzcGFuJTNF[\/vc_raw_html][\/vc_column][\/vc_row][vc_row type=\u00a0\u00bbin_container\u00a0\u00bb full_screen_row_position=\u00a0\u00bbmiddle\u00a0\u00bb column_margin=\u00a0\u00bbdefault\u00a0\u00bb column_direction=\u00a0\u00bbdefault\u00a0\u00bb column_direction_tablet=\u00a0\u00bbdefault\u00a0\u00bb column_direction_phone=\u00a0\u00bbdefault\u00a0\u00bb scene_position=\u00a0\u00bbcenter\u00a0\u00bb text_color=\u00a0\u00bbdark\u00a0\u00bb text_align=\u00a0\u00bbleft\u00a0\u00bb row_border_radius=\u00a0\u00bbnone\u00a0\u00bb row_border_radius_applies=\u00a0\u00bbbg\u00a0\u00bb overlay_strength=\u00a0\u00bb0.3&Prime; gradient_direction=\u00a0\u00bbleft_to_right\u00a0\u00bb shape_divider_position=\u00a0\u00bbbottom\u00a0\u00bb bg_image_animation=\u00a0\u00bbnone\u00a0\u00bb][vc_column column_padding=\u00a0\u00bbno-extra-padding\u00a0\u00bb column_padding_tablet=\u00a0\u00bbinherit\u00a0\u00bb column_padding_phone=\u00a0\u00bbinherit\u00a0\u00bb column_padding_position=\u00a0\u00bball\u00a0\u00bb background_color_opacity=\u00a0\u00bb1&Prime; background_hover_color_opacity=\u00a0\u00bb1&Prime; column_shadow=\u00a0\u00bbnone\u00a0\u00bb column_border_radius=\u00a0\u00bbnone\u00a0\u00bb column_link_target=\u00a0\u00bb_self\u00a0\u00bb gradient_direction=\u00a0\u00bbleft_to_right\u00a0\u00bb overlay_strength=\u00a0\u00bb0.3&Prime; width=\u00a0\u00bb1\/1&Prime; tablet_width_inherit=\u00a0\u00bbdefault\u00a0\u00bb tablet_text_alignment=\u00a0\u00bbdefault\u00a0\u00bb phone_text_alignment=\u00a0\u00bbdefault\u00a0\u00bb column_border_width=\u00a0\u00bbnone\u00a0\u00bb column_border_style=\u00a0\u00bbsolid\u00a0\u00bb bg_image_animation=\u00a0\u00bbnone\u00a0\u00bb][divider line_type=\u00a0\u00bbNo Line\u00a0\u00bb][\/vc_column][\/vc_row][vc_row type=\u00a0\u00bbfull_width_background\u00a0\u00bb full_screen_row_position=\u00a0\u00bbmiddle\u00a0\u00bb column_margin=\u00a0\u00bbdefault\u00a0\u00bb column_direction=\u00a0\u00bbdefault\u00a0\u00bb column_direction_tablet=\u00a0\u00bbdefault\u00a0\u00bb column_direction_phone=\u00a0\u00bbdefault\u00a0\u00bb scene_position=\u00a0\u00bbcenter\u00a0\u00bb top_padding=\u00a0\u00bb20&Prime; bottom_padding=\u00a0\u00bb80&Prime; top_padding_phone=\u00a0\u00bb20&Prime; text_color=\u00a0\u00bbdark\u00a0\u00bb text_align=\u00a0\u00bbleft\u00a0\u00bb row_border_radius=\u00a0\u00bbnone\u00a0\u00bb row_border_radius_applies=\u00a0\u00bbbg\u00a0\u00bb overlay_strength=\u00a0\u00bb0.3&Prime; gradient_direction=\u00a0\u00bbleft_to_right\u00a0\u00bb shape_divider_position=\u00a0\u00bbbottom\u00a0\u00bb bg_image_animation=\u00a0\u00bbnone\u00a0\u00bb shape_type=\u00a0\u00bb\u00a0\u00bb][vc_column column_padding=\u00a0\u00bbno-extra-padding\u00a0\u00bb column_padding_tablet=\u00a0\u00bbinherit\u00a0\u00bb column_padding_phone=\u00a0\u00bbinherit\u00a0\u00bb column_padding_position=\u00a0\u00bball\u00a0\u00bb background_color_opacity=\u00a0\u00bb1&Prime; background_hover_color_opacity=\u00a0\u00bb1&Prime; column_shadow=\u00a0\u00bbnone\u00a0\u00bb column_border_radius=\u00a0\u00bbnone\u00a0\u00bb column_link_target=\u00a0\u00bb_self\u00a0\u00bb gradient_direction=\u00a0\u00bbleft_to_right\u00a0\u00bb overlay_strength=\u00a0\u00bb0.3&Prime; width=\u00a0\u00bb1\/3&Prime; tablet_width_inherit=\u00a0\u00bbdefault\u00a0\u00bb tablet_text_alignment=\u00a0\u00bbdefault\u00a0\u00bb phone_text_alignment=\u00a0\u00bbdefault\u00a0\u00bb column_border_width=\u00a0\u00bbnone\u00a0\u00bb column_border_style=\u00a0\u00bbsolid\u00a0\u00bb bg_image_animation=\u00a0\u00bbnone\u00a0\u00bb][vc_row_inner column_margin=\u00a0\u00bbdefault\u00a0\u00bb column_direction=\u00a0\u00bbdefault\u00a0\u00bb column_direction_tablet=\u00a0\u00bbdefault\u00a0\u00bb column_direction_phone=\u00a0\u00bbdefault\u00a0\u00bb text_align=\u00a0\u00bbleft\u00a0\u00bb class=\u00a0\u00bbem-prog-item\u00a0\u00bb][vc_column_inner column_padding=\u00a0\u00bbno-extra-padding\u00a0\u00bb column_padding_tablet=\u00a0\u00bbinherit\u00a0\u00bb column_padding_phone=\u00a0\u00bbinherit\u00a0\u00bb column_padding_position=\u00a0\u00bball\u00a0\u00bb background_color_opacity=\u00a0\u00bb1&Prime; background_hover_color_opacity=\u00a0\u00bb1&Prime; column_shadow=\u00a0\u00bbnone\u00a0\u00bb column_border_radius=\u00a0\u00bbnone\u00a0\u00bb column_link_target=\u00a0\u00bb_self\u00a0\u00bb gradient_direction=\u00a0\u00bbleft_to_right\u00a0\u00bb overlay_strength=\u00a0\u00bb0.3&Prime; width=\u00a0\u00bb1\/1&Prime; tablet_width_inherit=\u00a0\u00bbdefault\u00a0\u00bb column_border_width=\u00a0\u00bbnone\u00a0\u00bb column_border_style=\u00a0\u00bbsolid\u00a0\u00bb bg_image_animation=\u00a0\u00bbnone\u00a0\u00bb enable_animation=\u00a0\u00bbtrue\u00a0\u00bb animation=\u00a0\u00bbnone\u00a0\u00bb][image_with_animation image_url=\u00a0\u00bb4773&Prime; animation=\u00a0\u00bbFade In\u00a0\u00bb hover_animation=\u00a0\u00bbnone\u00a0\u00bb alignment=\u00a0\u00bb\u00a0\u00bb border_radius=\u00a0\u00bbnone\u00a0\u00bb box_shadow=\u00a0\u00bbnone\u00a0\u00bb image_loading=\u00a0\u00bbdefault\u00a0\u00bb max_width=\u00a0\u00bb100%\u00a0\u00bb max_width_mobile=\u00a0\u00bbdefault\u00a0\u00bb][vc_column_text el_class=\u00a0\u00bbem-prog__top\u00a0\u00bb css=\u00a0\u00bb.vc_custom_1776172614746{margin-top: -70px !important;}\u00a0\u00bb]<span class=\"em-prog__date\">Mer. sam. et dim.<br \/>\n\u00c0 15h, 16h et 17h<\/span><br \/>\n<span class=\"em-prog__public\">TOUT PUBLIC<\/span>[\/vc_column_text][vc_column_text el_class=\u00a0\u00bbem-prog__caption\u00a0\u00bb][\/vc_column_text][vc_column_text el_class=\u00a0\u00bbem-prog__title\u00a0\u00bb]\n<h3>Visite accompagn\u00e9e du logis<\/h3>\n[\/vc_column_text][divider line_type=\u00a0\u00bbNo Line\u00a0\u00bb custom_height=\u00a0\u00bb25&Prime;][vc_column_text el_class=\u00a0\u00bbem-prog__description\u00a0\u00bb]Accompagn\u00e9 dans le logis par l\u2019un de nos guides, laissez-vous conter son histoire au gr\u00e9 des pi\u00e8ces meubl\u00e9es qui laisseront leur charme agir sur vous.<br \/>\nDes verdures aux meubles Boulle, de la cuisine au grand salon, ce ch\u00e2teau dispose d\u2019une collection riche en anecdotes sur sa vie quotidienne. Partez \u00e0 la d\u00e9couverte de leur histoire.<\/p>\n<p>Avant ou apr\u00e8s votre visite accompagn\u00e9e, vous pouvez profiter de la visite libre des ext\u00e9rieurs.<\/p>\n<p><strong>Dur\u00e9e : 45min | Tarif plein : 12\u20ac | Tarif re\u0301duit*: 9\u20ac<\/strong><\/p>\n<p><small>*Jeunes moins de 18 ans, \u00e9tudiants, services civiques, demandeurs d\u2019emploi, b\u00e9n\u00e9ficiaires du RSA, Carte Mobilit\u00e9 Inclusion \u2013 Invalidit\u00e9 et son accompagnateur, carte CNAS, carte CEZAM, groupe de 10 personnes et plus<\/small>[\/vc_column_text][nectar_btn size=\u00a0\u00bbsmall\u00a0\u00bb open_new_tab=\u00a0\u00bbtrue\u00a0\u00bb button_style=\u00a0\u00bbregular\u00a0\u00bb button_color_2=\u00a0\u00bbAccent-Color\u00a0\u00bb color_override=\u00a0\u00bb#be5839&Prime; icon_family=\u00a0\u00bbnone\u00a0\u00bb el_class=\u00a0\u00bbem-button\u00a0\u00bb text=\u00a0\u00bbR\u00e9server\u00a0\u00bb url=\u00a0\u00bbhttps:\/\/chateauduplessismace.mapado.com\/event\/659366-visite-accompagnee-du-logis-2026&Prime;][\/vc_column_inner][\/vc_row_inner][vc_row_inner column_margin=\u00a0\u00bbdefault\u00a0\u00bb column_direction=\u00a0\u00bbdefault\u00a0\u00bb column_direction_tablet=\u00a0\u00bbdefault\u00a0\u00bb column_direction_phone=\u00a0\u00bbdefault\u00a0\u00bb text_align=\u00a0\u00bbleft\u00a0\u00bb class=\u00a0\u00bbem-prog-item\u00a0\u00bb][vc_column_inner column_padding=\u00a0\u00bbno-extra-padding\u00a0\u00bb column_padding_tablet=\u00a0\u00bbinherit\u00a0\u00bb column_padding_phone=\u00a0\u00bbinherit\u00a0\u00bb column_padding_position=\u00a0\u00bball\u00a0\u00bb background_color_opacity=\u00a0\u00bb1&Prime; background_hover_color_opacity=\u00a0\u00bb1&Prime; column_shadow=\u00a0\u00bbnone\u00a0\u00bb column_border_radius=\u00a0\u00bbnone\u00a0\u00bb column_link_target=\u00a0\u00bb_self\u00a0\u00bb gradient_direction=\u00a0\u00bbleft_to_right\u00a0\u00bb overlay_strength=\u00a0\u00bb0.3&Prime; width=\u00a0\u00bb1\/1&Prime; tablet_width_inherit=\u00a0\u00bbdefault\u00a0\u00bb column_border_width=\u00a0\u00bbnone\u00a0\u00bb column_border_style=\u00a0\u00bbsolid\u00a0\u00bb bg_image_animation=\u00a0\u00bbnone\u00a0\u00bb][image_with_animation image_url=\u00a0\u00bb6797&Prime; animation=\u00a0\u00bbFade In\u00a0\u00bb hover_animation=\u00a0\u00bbnone\u00a0\u00bb alignment=\u00a0\u00bb\u00a0\u00bb border_radius=\u00a0\u00bbnone\u00a0\u00bb box_shadow=\u00a0\u00bbnone\u00a0\u00bb image_loading=\u00a0\u00bbdefault\u00a0\u00bb max_width=\u00a0\u00bb100%\u00a0\u00bb max_width_mobile=\u00a0\u00bbdefault\u00a0\u00bb][vc_column_text el_class=\u00a0\u00bbem-prog__top\u00a0\u00bb css=\u00a0\u00bb.vc_custom_1776172648855{margin-top: -70px !important;}\u00a0\u00bb]<span class=\"em-prog__date\">Du mer. au dim.<br \/>\nDe 14h \u00e0 18h30<\/span><br \/>\n<span class=\"em-prog__public\">TOUT PUBLIC<\/span>[\/vc_column_text][vc_column_text el_class=\u00a0\u00bbem-prog__caption\u00a0\u00bb][\/vc_column_text][vc_column_text el_class=\u00a0\u00bbem-prog__title\u00a0\u00bb]\n<h3>Visite en toute libert\u00e9 des ext\u00e9rieurs<\/h3>\n[\/vc_column_text][divider line_type=\u00a0\u00bbNo Line\u00a0\u00bb custom_height=\u00a0\u00bb25&Prime;][vc_column_text el_class=\u00a0\u00bbem-prog__description\u00a0\u00bb]Vous pourrez passer par le chemin de ronde pour monter dans les tours, fl\u00e2ner dans le petit jardin m\u00e9di\u00e9val en admirant l\u2019impressionnant donjon et d\u00e9couvrir le balcon rest\u00e9 intact depuis le XVe si\u00e8cle. Nous mettons \u00e0 votre disposition des tablettes avec une proposition de pastilles vid\u00e9os (disponible en LSF).<br \/>\nVous pouvez \u00e9galement participer dans la cour du ch\u00e2teau \u00e0 des rendez-vous th\u00e9matiques (uniquement en juillet et ao\u00fbt) avec nos m\u00e9diateurs et pour les plus jeunes un livret compos\u00e9 d&rsquo;activit\u00e9s \u00e0 effectuer tout au long du parcours est propos\u00e9.<\/p>\n<p>ATTENTION : L\u2019acc\u00e8s aux int\u00e9rieurs du logis s\u2019effectue uniquement dans le cadre des visites guid\u00e9es.<\/p>\n<p><strong>Tarif plein : 9\u20ac | Tarif r\u00e9duit*: 7\u20ac<\/strong><\/p>\n<p><small>*Jeunes moins de 18 ans, \u00e9tudiants, services civiques, demandeurs d\u2019emploi, b\u00e9n\u00e9ficiaires du RSA, Carte Mobilit\u00e9 Inclusion \u2013 Invalidit\u00e9 et son accompagnateur, carte CNAS, carte CEZAM, groupe de 10 personnes et plus<\/small>[\/vc_column_text][nectar_btn size=\u00a0\u00bbsmall\u00a0\u00bb open_new_tab=\u00a0\u00bbtrue\u00a0\u00bb button_style=\u00a0\u00bbregular\u00a0\u00bb button_color_2=\u00a0\u00bbAccent-Color\u00a0\u00bb color_override=\u00a0\u00bb#e6cf38&Prime; icon_family=\u00a0\u00bbnone\u00a0\u00bb el_class=\u00a0\u00bbem-button\u00a0\u00bb text=\u00a0\u00bbR\u00e9server\u00a0\u00bb url=\u00a0\u00bbhttps:\/\/chateauduplessismace.mapado.com\/event\/659611-visite-en-toute-liberte-des-exterieurs-et-exposition-2026&Prime;][\/vc_column_inner][\/vc_row_inner][vc_row_inner disable_element=\u00a0\u00bbyes\u00a0\u00bb column_margin=\u00a0\u00bbdefault\u00a0\u00bb column_direction=\u00a0\u00bbdefault\u00a0\u00bb column_direction_tablet=\u00a0\u00bbdefault\u00a0\u00bb column_direction_phone=\u00a0\u00bbdefault\u00a0\u00bb text_align=\u00a0\u00bbleft\u00a0\u00bb class=\u00a0\u00bbem-prog-item\u00a0\u00bb][vc_column_inner column_padding=\u00a0\u00bbno-extra-padding\u00a0\u00bb column_padding_tablet=\u00a0\u00bbinherit\u00a0\u00bb column_padding_phone=\u00a0\u00bbinherit\u00a0\u00bb column_padding_position=\u00a0\u00bball\u00a0\u00bb background_color_opacity=\u00a0\u00bb1&Prime; background_hover_color_opacity=\u00a0\u00bb1&Prime; column_shadow=\u00a0\u00bbnone\u00a0\u00bb column_border_radius=\u00a0\u00bbnone\u00a0\u00bb column_link_target=\u00a0\u00bb_self\u00a0\u00bb gradient_direction=\u00a0\u00bbleft_to_right\u00a0\u00bb overlay_strength=\u00a0\u00bb0.3&Prime; width=\u00a0\u00bb1\/1&Prime; tablet_width_inherit=\u00a0\u00bbdefault\u00a0\u00bb column_border_width=\u00a0\u00bbnone\u00a0\u00bb column_border_style=\u00a0\u00bbsolid\u00a0\u00bb bg_image_animation=\u00a0\u00bbnone\u00a0\u00bb][image_with_animation image_url=\u00a0\u00bb6020&Prime; animation=\u00a0\u00bbFade In\u00a0\u00bb hover_animation=\u00a0\u00bbnone\u00a0\u00bb alignment=\u00a0\u00bb\u00a0\u00bb border_radius=\u00a0\u00bbnone\u00a0\u00bb box_shadow=\u00a0\u00bbnone\u00a0\u00bb image_loading=\u00a0\u00bbdefault\u00a0\u00bb max_width=\u00a0\u00bb100%\u00a0\u00bb max_width_mobile=\u00a0\u00bbdefault\u00a0\u00bb][vc_column_text el_class=\u00a0\u00bbem-prog__top\u00a0\u00bb css=\u00a0\u00bb.vc_custom_1762168510854{margin-top: -70px !important;}\u00a0\u00bb]<span class=\"em-prog__date\">De retour en 2026<\/span><br \/>\n<span class=\"em-prog__public\">10 ANS ET +<\/span>[\/vc_column_text][vc_column_text el_class=\u00a0\u00bbem-prog__caption\u00a0\u00bb][\/vc_column_text][vc_column_text el_class=\u00a0\u00bbem-prog__title\u00a0\u00bb]\n<h3>Histoire(s) de famille<\/h3>\n[\/vc_column_text][divider line_type=\u00a0\u00bbNo Line\u00a0\u00bb custom_height=\u00a0\u00bb25&Prime;][vc_column_text el_class=\u00a0\u00bbem-prog__description\u00a0\u00bb]Le ch\u00e2teau du Plessis-Mac\u00e9 est habit\u00e9 par la famille De la Bavoti\u00e8re, une lign\u00e9e, soyons honn\u00eates, pour le moins atypique. Embarquez avec l\u2019un de ses membres, qui se fera un plaisir de vous pr\u00e9senter son petit chez-lui. Pr\u00e9parez-vous pour une visite \u00e0 leur image&#8230;<\/p>\n<p>Avant votre visite vous pouvez profiter de la visite libre des ext\u00e9rieurs.<\/p>\n<p><strong>Dur\u00e9e : 45min | Tarif plein : 12\u20ac | Tarif r\u00e9duit*: 9\u20ac<br \/>\n<\/strong><\/p>\n<p><small>*Jeunes moins de 18 ans, \u00e9tudiants, services civiques, demandeurs d\u2019emploi, b\u00e9n\u00e9ficiaires du RSA, Carte Mobilit\u00e9 Inclusion \u2013 Invalidit\u00e9 et son accompagnateur, carte CNAS, carte CEZAM, groupe de 10 personnes et plus<\/small>[\/vc_column_text][nectar_btn size=\u00a0\u00bbsmall\u00a0\u00bb open_new_tab=\u00a0\u00bbtrue\u00a0\u00bb button_style=\u00a0\u00bbregular\u00a0\u00bb button_color_2=\u00a0\u00bbAccent-Color\u00a0\u00bb color_override=\u00a0\u00bb#be5839&Prime; icon_family=\u00a0\u00bbnone\u00a0\u00bb el_class=\u00a0\u00bbem-button\u00a0\u00bb text=\u00a0\u00bbR\u00e9server\u00a0\u00bb url=\u00a0\u00bbhttps:\/\/chateauduplessismace.mapado.com\/event\/493477-histoire-s-de-famille-2025&Prime;][\/vc_column_inner][\/vc_row_inner][\/vc_column][vc_column column_padding=\u00a0\u00bbno-extra-padding\u00a0\u00bb column_padding_tablet=\u00a0\u00bbinherit\u00a0\u00bb column_padding_phone=\u00a0\u00bbinherit\u00a0\u00bb column_padding_position=\u00a0\u00bball\u00a0\u00bb background_color_opacity=\u00a0\u00bb1&Prime; background_hover_color_opacity=\u00a0\u00bb1&Prime; column_shadow=\u00a0\u00bbnone\u00a0\u00bb column_border_radius=\u00a0\u00bbnone\u00a0\u00bb column_link_target=\u00a0\u00bb_self\u00a0\u00bb gradient_direction=\u00a0\u00bbleft_to_right\u00a0\u00bb overlay_strength=\u00a0\u00bb0.3&Prime; width=\u00a0\u00bb1\/3&Prime; tablet_width_inherit=\u00a0\u00bbdefault\u00a0\u00bb tablet_text_alignment=\u00a0\u00bbdefault\u00a0\u00bb phone_text_alignment=\u00a0\u00bbdefault\u00a0\u00bb column_border_width=\u00a0\u00bbnone\u00a0\u00bb column_border_style=\u00a0\u00bbsolid\u00a0\u00bb bg_image_animation=\u00a0\u00bbnone\u00a0\u00bb][vc_row_inner disable_element=\u00a0\u00bbyes\u00a0\u00bb column_margin=\u00a0\u00bbdefault\u00a0\u00bb column_direction=\u00a0\u00bbdefault\u00a0\u00bb column_direction_tablet=\u00a0\u00bbdefault\u00a0\u00bb column_direction_phone=\u00a0\u00bbdefault\u00a0\u00bb text_align=\u00a0\u00bbleft\u00a0\u00bb class=\u00a0\u00bbem-prog-item\u00a0\u00bb][vc_column_inner column_padding=\u00a0\u00bbno-extra-padding\u00a0\u00bb column_padding_tablet=\u00a0\u00bbinherit\u00a0\u00bb column_padding_phone=\u00a0\u00bbinherit\u00a0\u00bb column_padding_position=\u00a0\u00bball\u00a0\u00bb background_color_opacity=\u00a0\u00bb1&Prime; background_hover_color_opacity=\u00a0\u00bb1&Prime; column_shadow=\u00a0\u00bbnone\u00a0\u00bb column_border_radius=\u00a0\u00bbnone\u00a0\u00bb column_link_target=\u00a0\u00bb_self\u00a0\u00bb gradient_direction=\u00a0\u00bbleft_to_right\u00a0\u00bb overlay_strength=\u00a0\u00bb0.3&Prime; width=\u00a0\u00bb1\/1&Prime; tablet_width_inherit=\u00a0\u00bbdefault\u00a0\u00bb column_border_width=\u00a0\u00bbnone\u00a0\u00bb column_border_style=\u00a0\u00bbsolid\u00a0\u00bb bg_image_animation=\u00a0\u00bbnone\u00a0\u00bb][image_with_animation image_url=\u00a0\u00bb6985&Prime; animation=\u00a0\u00bbFade In\u00a0\u00bb hover_animation=\u00a0\u00bbnone\u00a0\u00bb alignment=\u00a0\u00bb\u00a0\u00bb border_radius=\u00a0\u00bbnone\u00a0\u00bb box_shadow=\u00a0\u00bbnone\u00a0\u00bb image_loading=\u00a0\u00bbdefault\u00a0\u00bb max_width=\u00a0\u00bb100%\u00a0\u00bb max_width_mobile=\u00a0\u00bbdefault\u00a0\u00bb][vc_column_text el_class=\u00a0\u00bbem-prog__top\u00a0\u00bb css=\u00a0\u00bb.vc_custom_1774274467974{margin-top: -70px !important;}\u00a0\u00bb]<span class=\"em-prog__date\">Du 11 au 26 avril<br \/>\nDu mer. au dim. de 14h \u00e0 18h30<\/span><br \/>\n<span class=\"em-prog__public\">TOUT PUBLIC<\/span>[\/vc_column_text][vc_column_text el_class=\u00a0\u00bbem-prog__caption\u00a0\u00bb][\/vc_column_text][vc_column_text el_class=\u00a0\u00bbem-prog__title\u00a0\u00bb]\n<h3>De l&rsquo;autre c\u00f4t\u00e9 du miroir<br \/>\nParcours immersif<\/h3>\n[\/vc_column_text][divider line_type=\u00a0\u00bbNo Line\u00a0\u00bb custom_height=\u00a0\u00bb25&Prime;][vc_column_text el_class=\u00a0\u00bbem-prog__description\u00a0\u00bb]Pendant les vacances de printemps, poussez la porte du ch\u00e2teau et plongez dans le terrier du lapin, direction le pays des merveilles ! D\u00e9ambulez dans l\u2019une des salles du ch\u00e2teau et, \u00e0 l\u2019image d\u2019Alice, laissez-vous transporter dans un univers fantasmagorique inspir\u00e9 du roman de Lewis Carroll et agr\u00e9ment\u00e9 d\u2019illustrations de Benjamin Lacombe.<\/p>\n<p><strong>Le 11 avril \u00e0 partir de 15h, venez rencontrer l\u2019illustrateur Benjamin Lacombe \u00e0 l\u2019occasion d\u2019une session de d\u00e9dicace.<\/strong>[\/vc_column_text][vc_column_text el_class=\u00a0\u00bbem-prog__title\u00a0\u00bb]\n<h3>Rendez-vous th\u00e9\u00e2tralis\u00e9<\/h3>\n[\/vc_column_text][divider line_type=\u00a0\u00bbNo Line\u00a0\u00bb custom_height=\u00a0\u00bb25&Prime;][vc_column_text el_class=\u00a0\u00bbem-prog__description\u00a0\u00bb]\n<div><strong>Les mer. jeu. sam. et dim. (sauf le 25 avril) \u00e0 14h30,\u00a0 15h30, 16h30 et 17h30<\/strong><\/div>\n<div>Accompagn\u00e9s de la v\u00e9ritable Alice, d\u00e9couvrez le parcours immersif sous un autre angle. Laissez-vous guider par celle qui a inspir\u00e9 Lewis Carroll, d\u00e9cryptez les personnages du pays des merveilles et, le temps d&rsquo;une visite, retrouvez votre \u00e2me d\u2019enfant !<\/div>\n<p>ATTENTION : L\u2019acc\u00e8s aux int\u00e9rieurs du logis s\u2019effectue uniquement dans le cadre des visites guid\u00e9es.<\/p>\n<p><strong>Tarif plein : Acc\u00e8s via un billet de visite<\/strong>[\/vc_column_text][\/vc_column_inner][\/vc_row_inner][vc_row_inner column_margin=\u00a0\u00bbdefault\u00a0\u00bb column_direction=\u00a0\u00bbdefault\u00a0\u00bb column_direction_tablet=\u00a0\u00bbdefault\u00a0\u00bb column_direction_phone=\u00a0\u00bbdefault\u00a0\u00bb text_align=\u00a0\u00bbleft\u00a0\u00bb class=\u00a0\u00bbem-prog-item\u00a0\u00bb][vc_column_inner column_padding=\u00a0\u00bbno-extra-padding\u00a0\u00bb column_padding_tablet=\u00a0\u00bbinherit\u00a0\u00bb column_padding_phone=\u00a0\u00bbinherit\u00a0\u00bb column_padding_position=\u00a0\u00bball\u00a0\u00bb background_color_opacity=\u00a0\u00bb1&Prime; background_hover_color_opacity=\u00a0\u00bb1&Prime; column_shadow=\u00a0\u00bbnone\u00a0\u00bb column_border_radius=\u00a0\u00bbnone\u00a0\u00bb column_link_target=\u00a0\u00bb_self\u00a0\u00bb gradient_direction=\u00a0\u00bbleft_to_right\u00a0\u00bb overlay_strength=\u00a0\u00bb0.3&Prime; width=\u00a0\u00bb1\/1&Prime; tablet_width_inherit=\u00a0\u00bbdefault\u00a0\u00bb column_border_width=\u00a0\u00bbnone\u00a0\u00bb column_border_style=\u00a0\u00bbsolid\u00a0\u00bb bg_image_animation=\u00a0\u00bbnone\u00a0\u00bb][image_with_animation image_url=\u00a0\u00bb6699&Prime; animation=\u00a0\u00bbFade In\u00a0\u00bb hover_animation=\u00a0\u00bbnone\u00a0\u00bb alignment=\u00a0\u00bb\u00a0\u00bb border_radius=\u00a0\u00bbnone\u00a0\u00bb box_shadow=\u00a0\u00bbnone\u00a0\u00bb image_loading=\u00a0\u00bbdefault\u00a0\u00bb max_width=\u00a0\u00bb100%\u00a0\u00bb max_width_mobile=\u00a0\u00bbdefault\u00a0\u00bb][vc_column_text el_class=\u00a0\u00bbem-prog__top\u00a0\u00bb css=\u00a0\u00bb.vc_custom_1666174370124{margin-top: -70px !important;}\u00a0\u00bb]<span class=\"em-prog__date\">Toute<br \/>\nl&rsquo;ann\u00e9e<\/span><br \/>\n<span class=\"em-prog__public\">TOUT PUBLIC<br \/>\n<\/span>[\/vc_column_text][vc_column_text el_class=\u00a0\u00bbem-prog__caption\u00a0\u00bb][\/vc_column_text][vc_column_text el_class=\u00a0\u00bbem-prog__title\u00a0\u00bb]\n<h3>Sentier d&rsquo;interpr\u00e9tation<\/h3>\n[\/vc_column_text][divider line_type=\u00a0\u00bbNo Line\u00a0\u00bb custom_height=\u00a0\u00bb25&Prime;][vc_column_text el_class=\u00a0\u00bbem-prog__description\u00a0\u00bb]Sur les pas de Fr\u00e9d\u00e9ric l&rsquo;Arpenteur naturaliste, d\u00e9couvrez le nouveau sentier d&rsquo;interpr\u00e9tation ludique, sensoriel et p\u00e9dagogique qui parcourt l&rsquo;Espace Naturel Sensible (ENS) du ch\u00e2teau.<\/p>\n<p>2 kilom\u00e8tres pour se promener tout en s&rsquo;informant sur les essences qui composent les diff\u00e9rentes haies, d\u00e9couvrir le r\u00f4le des zones humides, \u00e9couter les oiseaux et observer par des dispositifs discrets les esp\u00e8ces qui se cachent dans les crevasses et cavit\u00e9s des troncs des arbres t\u00eatards.<\/p>\n<p>Un parcours \u00e0 explorer entre amis ou en famille. Pour les plus jeunes, un carnet d&rsquo;enqu\u00eate et de jeux intitul\u00e9 \u00ab\u00a0Sur les pas de l&rsquo;arpenteur\u00a0\u00bb est disponible d\u00e8s la premi\u00e8re station.<\/p>\n<p><strong>Cette balade est accessible librement toute l&rsquo;ann\u00e9e et ponctu\u00e9e de zones de repos et tables de pique-nique.<br \/>\n<\/strong>[\/vc_column_text][\/vc_column_inner][\/vc_row_inner][vc_row_inner disable_element=\u00a0\u00bbyes\u00a0\u00bb column_margin=\u00a0\u00bbdefault\u00a0\u00bb column_direction=\u00a0\u00bbdefault\u00a0\u00bb column_direction_tablet=\u00a0\u00bbdefault\u00a0\u00bb column_direction_phone=\u00a0\u00bbdefault\u00a0\u00bb text_align=\u00a0\u00bbleft\u00a0\u00bb class=\u00a0\u00bbem-prog-item\u00a0\u00bb][vc_column_inner column_padding=\u00a0\u00bbno-extra-padding\u00a0\u00bb column_padding_tablet=\u00a0\u00bbinherit\u00a0\u00bb column_padding_phone=\u00a0\u00bbinherit\u00a0\u00bb column_padding_position=\u00a0\u00bball\u00a0\u00bb background_color_opacity=\u00a0\u00bb1&Prime; background_hover_color_opacity=\u00a0\u00bb1&Prime; column_shadow=\u00a0\u00bbnone\u00a0\u00bb column_border_radius=\u00a0\u00bbnone\u00a0\u00bb column_link_target=\u00a0\u00bb_self\u00a0\u00bb gradient_direction=\u00a0\u00bbleft_to_right\u00a0\u00bb overlay_strength=\u00a0\u00bb0.3&Prime; width=\u00a0\u00bb1\/1&Prime; tablet_width_inherit=\u00a0\u00bbdefault\u00a0\u00bb column_border_width=\u00a0\u00bbnone\u00a0\u00bb column_border_style=\u00a0\u00bbsolid\u00a0\u00bb bg_image_animation=\u00a0\u00bbnone\u00a0\u00bb][image_with_animation image_url=\u00a0\u00bb6364&Prime; animation=\u00a0\u00bbFade In\u00a0\u00bb hover_animation=\u00a0\u00bbnone\u00a0\u00bb alignment=\u00a0\u00bb\u00a0\u00bb border_radius=\u00a0\u00bbnone\u00a0\u00bb box_shadow=\u00a0\u00bbnone\u00a0\u00bb image_loading=\u00a0\u00bbdefault\u00a0\u00bb max_width=\u00a0\u00bb100%\u00a0\u00bb max_width_mobile=\u00a0\u00bbdefault\u00a0\u00bb][vc_column_text el_class=\u00a0\u00bbem-prog__top\u00a0\u00bb css=\u00a0\u00bb.vc_custom_1751895016151{margin-top: -70px !important;}\u00a0\u00bb]<span class=\"em-prog__date\">Tous les jours<br \/>\n14h30 \u00b7 15h30 \u00b7 17h30<\/span><br \/>\n<span class=\"em-prog__public\">6 ANS ET +<\/span>[\/vc_column_text][vc_column_text el_class=\u00a0\u00bbem-prog__caption\u00a0\u00bb][\/vc_column_text][vc_column_text el_class=\u00a0\u00bbem-prog__title\u00a0\u00bb]\n<h3>Rendez-vous de l&rsquo;\u00e9t\u00e9<\/h3>\n[\/vc_column_text][divider line_type=\u00a0\u00bbNo Line\u00a0\u00bb custom_height=\u00a0\u00bb25&Prime;][vc_column_text el_class=\u00a0\u00bbem-prog__description\u00a0\u00bb]Cet \u00e9t\u00e9, profitez pleinement de votre apr\u00e8s-midi au ch\u00e2teau du Plessis-Mac\u00e9 !<\/p>\n<p>Tous les jours, avant ou apr\u00e8s votre visite, nos m\u00e9diateurs vous proposent des rendez-vous dans diff\u00e9rents endroits du ch\u00e2teau, sur des th\u00e8mes aussi vari\u00e9s qu&rsquo;instructifs.<\/p>\n<p><strong>14h30 : <\/strong>\u00ab\u00a0Naturalia II\u00a0\u00bb<br \/>\n<strong>15h30 : <\/strong>L&rsquo;armement m\u00e9di\u00e9val<br \/>\n<strong>17h30 : <\/strong>Th\u00e8me surprise, diff\u00e9rent selon les jours.<\/p>\n<p><strong>Acc\u00e8s inclus dans le billet de votre visite<\/strong>[\/vc_column_text][\/vc_column_inner][\/vc_row_inner][\/vc_column][vc_column column_padding=\u00a0\u00bbno-extra-padding\u00a0\u00bb column_padding_tablet=\u00a0\u00bbinherit\u00a0\u00bb column_padding_phone=\u00a0\u00bbinherit\u00a0\u00bb column_padding_position=\u00a0\u00bball\u00a0\u00bb background_color_opacity=\u00a0\u00bb1&Prime; background_hover_color_opacity=\u00a0\u00bb1&Prime; column_shadow=\u00a0\u00bbnone\u00a0\u00bb column_border_radius=\u00a0\u00bbnone\u00a0\u00bb column_link_target=\u00a0\u00bb_self\u00a0\u00bb gradient_direction=\u00a0\u00bbleft_to_right\u00a0\u00bb overlay_strength=\u00a0\u00bb0.3&Prime; width=\u00a0\u00bb1\/3&Prime; tablet_width_inherit=\u00a0\u00bbdefault\u00a0\u00bb tablet_text_alignment=\u00a0\u00bbdefault\u00a0\u00bb phone_text_alignment=\u00a0\u00bbdefault\u00a0\u00bb column_border_width=\u00a0\u00bbnone\u00a0\u00bb column_border_style=\u00a0\u00bbsolid\u00a0\u00bb bg_image_animation=\u00a0\u00bbnone\u00a0\u00bb][vc_row_inner column_margin=\u00a0\u00bbdefault\u00a0\u00bb column_direction=\u00a0\u00bbdefault\u00a0\u00bb column_direction_tablet=\u00a0\u00bbdefault\u00a0\u00bb column_direction_phone=\u00a0\u00bbdefault\u00a0\u00bb text_align=\u00a0\u00bbleft\u00a0\u00bb class=\u00a0\u00bbem-prog-item-covid\u00a0\u00bb][vc_column_inner column_padding=\u00a0\u00bbno-extra-padding\u00a0\u00bb column_padding_tablet=\u00a0\u00bbinherit\u00a0\u00bb column_padding_phone=\u00a0\u00bbinherit\u00a0\u00bb column_padding_position=\u00a0\u00bball\u00a0\u00bb background_color_opacity=\u00a0\u00bb1&Prime; background_hover_color_opacity=\u00a0\u00bb1&Prime; column_shadow=\u00a0\u00bbnone\u00a0\u00bb column_border_radius=\u00a0\u00bbnone\u00a0\u00bb column_link_target=\u00a0\u00bb_self\u00a0\u00bb gradient_direction=\u00a0\u00bbleft_to_right\u00a0\u00bb overlay_strength=\u00a0\u00bb0.3&Prime; width=\u00a0\u00bb1\/1&Prime; tablet_width_inherit=\u00a0\u00bbdefault\u00a0\u00bb column_border_width=\u00a0\u00bbnone\u00a0\u00bb column_border_style=\u00a0\u00bbsolid\u00a0\u00bb bg_image_animation=\u00a0\u00bbnone\u00a0\u00bb][image_with_animation image_url=\u00a0\u00bb6518&Prime; animation=\u00a0\u00bbFade In\u00a0\u00bb hover_animation=\u00a0\u00bbnone\u00a0\u00bb alignment=\u00a0\u00bb\u00a0\u00bb border_radius=\u00a0\u00bbnone\u00a0\u00bb box_shadow=\u00a0\u00bbnone\u00a0\u00bb image_loading=\u00a0\u00bbdefault\u00a0\u00bb max_width=\u00a0\u00bb100%\u00a0\u00bb max_width_mobile=\u00a0\u00bbdefault\u00a0\u00bb][vc_column_text el_class=\u00a0\u00bbem-prog-item-covid__title\u00a0\u00bb]\n<p style=\"color: #e4e8e2; font-size: 40px;\">Infos pratiques<\/p>\n<p style=\"color: #e4e8e2;\"><strong>Pour \u00e9viter toute d\u00e9ception, pensez \u00e0 r\u00e9server vos places avant votre visite.<\/strong><\/p>\n<p style=\"color: #e4e8e2;\">D\u00e9couvrez le <span style=\"color: #ccffcc;\"><a style=\"color: #ccffcc;\" href=\"https:\/\/chateauduplessismace.mapado.com\/event\/651332-pass-annuel-au-chateau-2026\" target=\"_blank\" rel=\"noopener\">Pass annuel<\/a><\/span> et profitez de r\u00e9ductions toute l&rsquo;ann\u00e9e sur les visites et les \u00e9v\u00e9nements du ch\u00e2teau !<\/p>\n[\/vc_column_text][\/vc_column_inner][\/vc_row_inner][vc_row_inner column_margin=\u00a0\u00bbdefault\u00a0\u00bb column_direction=\u00a0\u00bbdefault\u00a0\u00bb column_direction_tablet=\u00a0\u00bbdefault\u00a0\u00bb column_direction_phone=\u00a0\u00bbdefault\u00a0\u00bb text_align=\u00a0\u00bbleft\u00a0\u00bb class=\u00a0\u00bbem-prog-item\u00a0\u00bb][vc_column_inner column_padding=\u00a0\u00bbno-extra-padding\u00a0\u00bb column_padding_tablet=\u00a0\u00bbinherit\u00a0\u00bb column_padding_phone=\u00a0\u00bbinherit\u00a0\u00bb column_padding_position=\u00a0\u00bball\u00a0\u00bb background_color_opacity=\u00a0\u00bb1&Prime; background_hover_color_opacity=\u00a0\u00bb1&Prime; column_shadow=\u00a0\u00bbnone\u00a0\u00bb column_border_radius=\u00a0\u00bbnone\u00a0\u00bb column_link_target=\u00a0\u00bb_self\u00a0\u00bb gradient_direction=\u00a0\u00bbleft_to_right\u00a0\u00bb overlay_strength=\u00a0\u00bb0.3&Prime; width=\u00a0\u00bb1\/1&Prime; tablet_width_inherit=\u00a0\u00bbdefault\u00a0\u00bb column_border_width=\u00a0\u00bbnone\u00a0\u00bb column_border_style=\u00a0\u00bbsolid\u00a0\u00bb bg_image_animation=\u00a0\u00bbnone\u00a0\u00bb][image_with_animation image_url=\u00a0\u00bb3524&Prime; animation=\u00a0\u00bbFade In\u00a0\u00bb hover_animation=\u00a0\u00bbnone\u00a0\u00bb alignment=\u00a0\u00bbright\u00a0\u00bb border_radius=\u00a0\u00bbnone\u00a0\u00bb box_shadow=\u00a0\u00bbnone\u00a0\u00bb image_loading=\u00a0\u00bbdefault\u00a0\u00bb max_width=\u00a0\u00bb100%\u00a0\u00bb max_width_mobile=\u00a0\u00bbdefault\u00a0\u00bb][vc_column_text el_class=\u00a0\u00bbem-prog__top\u00a0\u00bb css=\u00a0\u00bb.vc_custom_1762168523635{margin-top: -70px !important;}\u00a0\u00bb]<span class=\"em-prog__date\">De retour en 2026<\/span><br \/>\n<span class=\"em-prog__public\">TOUT PUBLIC<\/span>[\/vc_column_text][vc_column_text el_class=\u00a0\u00bbem-prog__caption\u00a0\u00bb][\/vc_column_text][vc_column_text el_class=\u00a0\u00bbem-prog__title\u00a0\u00bb]\n<h3>Visite en Langue des Signes Fran\u00e7aise<\/h3>\n[\/vc_column_text][divider line_type=\u00a0\u00bbNo Line\u00a0\u00bb custom_height=\u00a0\u00bb25&Prime;][vc_column_text el_class=\u00a0\u00bbem-prog__description\u00a0\u00bb]Par le biais de pastilles vid\u00e9os traduites en LSF, venez d\u00e9couvrir les ext\u00e9rieurs du ch\u00e2teau du Plessis-Mac\u00e9. Vous pourrez passer par le chemin de ronde pour monter dans les tours, fl\u00e2ner dans le petit jardin m\u00e9di\u00e9val en admirant l&rsquo;impressionnant donjon et d\u00e9couvrir le balcon rest\u00e9 intact depuis le XV\u00e8me si\u00e8cle. Les pastilles vid\u00e9os vous permettent d&rsquo;avoir des informations \u00e0 diff\u00e9rents endroits de votre parcours.<\/p>\n<p><u>Attention<\/u>, l&rsquo;acc\u00e8s au logis s&rsquo;effectue uniquement dans le cadre d&rsquo;une visite guid\u00e9e. Elles peuvent \u00eatre organis\u00e9es avec un interpr\u00e8te en LSF, sur demande.<\/p>\n<p><strong>R\u00e9servation :<br \/>\n<a href=\"mailto:billetterie@anjou-theatre.fr\">billetterie@anjou-theatre.fr<\/a><\/strong><\/p>\n<p><strong>Tarif plein : 9\u20ac | Tarif r\u00e9duit*: 7\u20ac<\/strong><\/p>\n<p><small>*Jeunes moins de 18 ans, \u00e9tudiants, services civiques, demandeurs d\u2019emploi, b\u00e9n\u00e9ficiaires du RSA, Carte Mobilit\u00e9 Inclusion \u2013 Invalidit\u00e9 et son accompagnateur, carte CNAS, carte CEZAM, groupe de 10 personnes et plus<\/small>[\/vc_column_text][nectar_btn size=\u00a0\u00bbsmall\u00a0\u00bb open_new_tab=\u00a0\u00bbtrue\u00a0\u00bb button_style=\u00a0\u00bbregular\u00a0\u00bb button_color_2=\u00a0\u00bbAccent-Color\u00a0\u00bb color_override=\u00a0\u00bb#be5839&Prime; icon_family=\u00a0\u00bbnone\u00a0\u00bb el_class=\u00a0\u00bbem-button\u00a0\u00bb text=\u00a0\u00bbIntroduction \u00e0 la visite en LSF\u00a0\u00bb url=\u00a0\u00bbhttps:\/\/www.youtube.com\/watch?v=xlwLJCoh2Jw\u00a0\u00bb][\/vc_column_inner][\/vc_row_inner][vc_row_inner column_margin=\u00a0\u00bbdefault\u00a0\u00bb column_direction=\u00a0\u00bbdefault\u00a0\u00bb column_direction_tablet=\u00a0\u00bbdefault\u00a0\u00bb column_direction_phone=\u00a0\u00bbdefault\u00a0\u00bb text_align=\u00a0\u00bbleft\u00a0\u00bb class=\u00a0\u00bbem-prog-item\u00a0\u00bb][vc_column_inner column_padding=\u00a0\u00bbno-extra-padding\u00a0\u00bb column_padding_tablet=\u00a0\u00bbinherit\u00a0\u00bb column_padding_phone=\u00a0\u00bbinherit\u00a0\u00bb column_padding_position=\u00a0\u00bball\u00a0\u00bb background_color_opacity=\u00a0\u00bb1&Prime; background_hover_color_opacity=\u00a0\u00bb1&Prime; column_shadow=\u00a0\u00bbnone\u00a0\u00bb column_border_radius=\u00a0\u00bbnone\u00a0\u00bb column_link_target=\u00a0\u00bb_self\u00a0\u00bb gradient_direction=\u00a0\u00bbleft_to_right\u00a0\u00bb overlay_strength=\u00a0\u00bb0.3&Prime; width=\u00a0\u00bb1\/1&Prime; tablet_width_inherit=\u00a0\u00bbdefault\u00a0\u00bb column_border_width=\u00a0\u00bbnone\u00a0\u00bb column_border_style=\u00a0\u00bbsolid\u00a0\u00bb bg_image_animation=\u00a0\u00bbnone\u00a0\u00bb][image_with_animation image_url=\u00a0\u00bb4694&Prime; animation=\u00a0\u00bbFade In\u00a0\u00bb hover_animation=\u00a0\u00bbnone\u00a0\u00bb alignment=\u00a0\u00bb\u00a0\u00bb border_radius=\u00a0\u00bbnone\u00a0\u00bb box_shadow=\u00a0\u00bbnone\u00a0\u00bb image_loading=\u00a0\u00bbdefault\u00a0\u00bb max_width=\u00a0\u00bb100%\u00a0\u00bb max_width_mobile=\u00a0\u00bbdefault\u00a0\u00bb][vc_column_text el_class=\u00a0\u00bbem-prog__top\u00a0\u00bb css=\u00a0\u00bb.vc_custom_1768403016004{margin-top: -70px !important;}\u00a0\u00bb]<span class=\"em-prog__date\">\u00c9t\u00e9 2026<\/span><br \/>\n<span class=\"em-prog__public\">6 ANS ET +<\/span>[\/vc_column_text][vc_column_text el_class=\u00a0\u00bbem-prog__caption\u00a0\u00bb][\/vc_column_text][vc_column_text el_class=\u00a0\u00bbem-prog__title\u00a0\u00bb]\n<h3>Dr\u00f4le de visite<\/h3>\n[\/vc_column_text][divider line_type=\u00a0\u00bbNo Line\u00a0\u00bb custom_height=\u00a0\u00bb25&Prime;][vc_column_text el_class=\u00a0\u00bbem-prog__description\u00a0\u00bb]Visiter ? Apprendre ? Oui mais en s\u2019amusant ! Alors suivez le guide, et d\u00e9couvrez les int\u00e9rieurs du ch\u00e2teau du Plessis Mac\u00e9 en famille. Une visite ludique du logis qui ravira les petits et les grands.<\/p>\n<p>Avant ou apr\u00e8s votre visite, vous pouvez profiter de la visite libre des ext\u00e9rieurs.<\/p>\n<p><strong>Dur\u00e9e : 1h | Tarif plein : 12\u20ac | Tarif r\u00e9duit*: 9\u20ac<br \/>\n<\/strong><\/p>\n<p><small>*Jeunes moins de 18 ans, \u00e9tudiants, services civiques, demandeurs d\u2019emploi, b\u00e9n\u00e9ficiaires du RSA, Carte Mobilit\u00e9 Inclusion \u2013 Invalidit\u00e9 et son accompagnateur, carte CNAS, carte CEZAM, groupe de 10 personnes et plus<\/small>[\/vc_column_text][nectar_btn size=\u00a0\u00bbsmall\u00a0\u00bb open_new_tab=\u00a0\u00bbtrue\u00a0\u00bb button_style=\u00a0\u00bbregular\u00a0\u00bb button_color_2=\u00a0\u00bbAccent-Color\u00a0\u00bb color_override=\u00a0\u00bb#e6cf38&Prime; icon_family=\u00a0\u00bbnone\u00a0\u00bb el_class=\u00a0\u00bbem-button\u00a0\u00bb text=\u00a0\u00bbR\u00e9server\u00a0\u00bb url=\u00a0\u00bbhttps:\/\/chateauduplessismace.mapado.com\/event\/659709-drole-de-visite-2026&Prime;][\/vc_column_inner][\/vc_row_inner][vc_row_inner disable_element=\u00a0\u00bbyes\u00a0\u00bb column_margin=\u00a0\u00bbdefault\u00a0\u00bb column_direction=\u00a0\u00bbdefault\u00a0\u00bb column_direction_tablet=\u00a0\u00bbdefault\u00a0\u00bb column_direction_phone=\u00a0\u00bbdefault\u00a0\u00bb text_align=\u00a0\u00bbleft\u00a0\u00bb class=\u00a0\u00bbem-prog-item\u00a0\u00bb][vc_column_inner column_padding=\u00a0\u00bbno-extra-padding\u00a0\u00bb column_padding_tablet=\u00a0\u00bbinherit\u00a0\u00bb column_padding_phone=\u00a0\u00bbinherit\u00a0\u00bb column_padding_position=\u00a0\u00bball\u00a0\u00bb background_color_opacity=\u00a0\u00bb1&Prime; background_hover_color_opacity=\u00a0\u00bb1&Prime; column_shadow=\u00a0\u00bbnone\u00a0\u00bb column_border_radius=\u00a0\u00bbnone\u00a0\u00bb column_link_target=\u00a0\u00bb_self\u00a0\u00bb gradient_direction=\u00a0\u00bbleft_to_right\u00a0\u00bb overlay_strength=\u00a0\u00bb0.3&Prime; width=\u00a0\u00bb1\/1&Prime; tablet_width_inherit=\u00a0\u00bbdefault\u00a0\u00bb column_border_width=\u00a0\u00bbnone\u00a0\u00bb column_border_style=\u00a0\u00bbsolid\u00a0\u00bb bg_image_animation=\u00a0\u00bbnone\u00a0\u00bb][image_with_animation image_url=\u00a0\u00bb4495&Prime; animation=\u00a0\u00bbFade In\u00a0\u00bb hover_animation=\u00a0\u00bbnone\u00a0\u00bb alignment=\u00a0\u00bb\u00a0\u00bb border_radius=\u00a0\u00bbnone\u00a0\u00bb box_shadow=\u00a0\u00bbnone\u00a0\u00bb image_loading=\u00a0\u00bbdefault\u00a0\u00bb max_width=\u00a0\u00bb100%\u00a0\u00bb max_width_mobile=\u00a0\u00bbdefault\u00a0\u00bb][vc_column_text el_class=\u00a0\u00bbem-prog__top\u00a0\u00bb css=\u00a0\u00bb.vc_custom_1698143300013{margin-top: -70px !important;}\u00a0\u00bb]<span class=\"em-prog__date\">De retour en 2024<\/span><br \/>\n<span class=\"em-prog__public\">8 ANS ET +<br \/>\n<\/span>[\/vc_column_text][vc_column_text el_class=\u00a0\u00bbem-prog__caption\u00a0\u00bb][\/vc_column_text][vc_column_text el_class=\u00a0\u00bbem-prog__title\u00a0\u00bb]\n<h3>Une vie de ch\u00e2teau<\/h3>\n[\/vc_column_text][divider line_type=\u00a0\u00bbNo Line\u00a0\u00bb custom_height=\u00a0\u00bb25&Prime;][vc_column_text el_class=\u00a0\u00bbem-prog__description\u00a0\u00bb]<b>D\u00e9ambulation th\u00e9\u00e2trale dans le logis<br \/>\n<\/b><\/p>\n<p>Nombreuses sont les personnalit\u00e9s de passage au ch\u00e2teau qui ont particip\u00e9, malgr\u00e9 elles, \u00e0 l&rsquo;\u00e9criture de son histoire. Trop souvent oubli\u00e9s, il semblerait que ces personnages aient encore des choses \u00e0 nous dire !<br \/>\n\u00c0 l&rsquo;int\u00e9rieur du logis, laissez-vous guider par leurs voix et venez \u00e9couter leurs r\u00e9cits.<\/p>\n<p><strong>Dur\u00e9e : 20min <\/strong>|<strong> Tarif plein : 9\u20ac, Tarif r\u00e9duit : 7\u20ac<br \/>\n<\/strong>[\/vc_column_text][\/vc_column_inner][\/vc_row_inner][\/vc_column][\/vc_row][vc_row type=\u00a0\u00bbfull_width_background\u00a0\u00bb full_screen_row_position=\u00a0\u00bbmiddle\u00a0\u00bb column_margin=\u00a0\u00bbdefault\u00a0\u00bb column_direction=\u00a0\u00bbdefault\u00a0\u00bb column_direction_tablet=\u00a0\u00bbdefault\u00a0\u00bb column_direction_phone=\u00a0\u00bbdefault\u00a0\u00bb scene_position=\u00a0\u00bbcenter\u00a0\u00bb top_padding=\u00a0\u00bb0&Prime; bottom_padding=\u00a0\u00bb80&Prime; top_padding_phone=\u00a0\u00bb50&Prime; text_color=\u00a0\u00bbdark\u00a0\u00bb text_align=\u00a0\u00bbleft\u00a0\u00bb row_border_radius=\u00a0\u00bbnone\u00a0\u00bb row_border_radius_applies=\u00a0\u00bbbg\u00a0\u00bb class=\u00a0\u00bbno-tablet\u00a0\u00bb overlay_strength=\u00a0\u00bb0.3&Prime; gradient_direction=\u00a0\u00bbleft_to_right\u00a0\u00bb shape_divider_position=\u00a0\u00bbbottom\u00a0\u00bb bg_image_animation=\u00a0\u00bbnone\u00a0\u00bb shape_type=\u00a0\u00bb\u00a0\u00bb][vc_column column_padding=\u00a0\u00bbno-extra-padding\u00a0\u00bb column_padding_tablet=\u00a0\u00bbinherit\u00a0\u00bb column_padding_phone=\u00a0\u00bbinherit\u00a0\u00bb column_padding_position=\u00a0\u00bball\u00a0\u00bb background_color_opacity=\u00a0\u00bb1&Prime; background_hover_color_opacity=\u00a0\u00bb1&Prime; column_shadow=\u00a0\u00bbnone\u00a0\u00bb column_border_radius=\u00a0\u00bbnone\u00a0\u00bb column_link_target=\u00a0\u00bb_self\u00a0\u00bb gradient_direction=\u00a0\u00bbleft_to_right\u00a0\u00bb overlay_strength=\u00a0\u00bb0.3&Prime; width=\u00a0\u00bb1\/1&Prime; tablet_width_inherit=\u00a0\u00bbdefault\u00a0\u00bb tablet_text_alignment=\u00a0\u00bbdefault\u00a0\u00bb phone_text_alignment=\u00a0\u00bbdefault\u00a0\u00bb column_border_width=\u00a0\u00bbnone\u00a0\u00bb column_border_style=\u00a0\u00bbsolid\u00a0\u00bb bg_image_animation=\u00a0\u00bbnone\u00a0\u00bb][vc_raw_html el_class=\u00a0\u00bbem-side-text em-side-text__bottom pull-right-90 b-50&Prime;]JTNDc3BhbiUzRXZpc2l0ZXMlM0MlMkZzcGFuJTNF[\/vc_raw_html][\/vc_column][\/vc_row]\n","protected":false},"excerpt":{"rendered":"<p>[vc_row type=\u00a0\u00bbfull_width_content\u00a0\u00bb full_screen_row_position=\u00a0\u00bbmiddle\u00a0\u00bb column_margin=\u00a0\u00bbdefault\u00a0\u00bb column_direction=\u00a0\u00bbdefault\u00a0\u00bb column_direction_tablet=\u00a0\u00bbdefault\u00a0\u00bb column_direction_phone=\u00a0\u00bbdefault\u00a0\u00bb scene_position=\u00a0\u00bbcenter\u00a0\u00bb text_color=\u00a0\u00bbdark\u00a0\u00bb text_align=\u00a0\u00bbleft\u00a0\u00bb row_border_radius=\u00a0\u00bbnone\u00a0\u00bb row_border_radius_applies=\u00a0\u00bbbg\u00a0\u00bb overlay_strength=\u00a0\u00bb0.3&Prime; gradient_direction=\u00a0\u00bbleft_to_right\u00a0\u00bb shape_divider_position=\u00a0\u00bbbottom\u00a0\u00bb bg_image_animation=\u00a0\u00bbnone\u00a0\u00bb shape_type=\u00a0\u00bb\u00a0\u00bb][vc_column column_padding=\u00a0\u00bbno-extra-padding\u00a0\u00bb column_padding_tablet=\u00a0\u00bbinherit\u00a0\u00bb column_padding_phone=\u00a0\u00bbinherit\u00a0\u00bb column_padding_position=\u00a0\u00bball\u00a0\u00bb background_color_opacity=\u00a0\u00bb1&Prime; background_hover_color_opacity=\u00a0\u00bb1&Prime; column_shadow=\u00a0\u00bbnone\u00a0\u00bb column_border_radius=\u00a0\u00bbnone\u00a0\u00bb column_link_target=\u00a0\u00bb_self\u00a0\u00bb gradient_direction=\u00a0\u00bbleft_to_right\u00a0\u00bb overlay_strength=\u00a0\u00bb0.3&Prime; width=\u00a0\u00bb1\/1&Prime; tablet_width_inherit=\u00a0\u00bbdefault\u00a0\u00bb&#8230;<\/p>\n","protected":false},"author":10,"featured_media":0,"parent":3273,"menu_order":0,"comment_status":"closed","ping_status":"closed","template":"","meta":{"footnotes":""},"class_list":["post-3727","page","type-page","status-publish"],"yoast_head":"<!-- This site is optimized with the Yoast SEO plugin v26.8 - https:\/\/yoast.com\/product\/yoast-seo-wordpress\/ -->\n<title>Visites - Ch\u00e2teau du Plessis-Mac\u00e9<\/title>\n<meta name=\"robots\" content=\"index, follow, max-snippet:-1, max-image-preview:large, max-video-preview:-1\" \/>\n<link rel=\"canonical\" href=\"https:\/\/chateau-plessis-mace.fr\/fr\/visites-animations\/visites\/\" \/>\n<meta property=\"og:locale\" content=\"fr_FR\" \/>\n<meta property=\"og:type\" content=\"article\" \/>\n<meta property=\"og:title\" content=\"Visites - Ch\u00e2teau du Plessis-Mac\u00e9\" \/>\n<meta property=\"og:description\" content=\"[vc_row type=\u00a0\u00bbfull_width_content\u00a0\u00bb full_screen_row_position=\u00a0\u00bbmiddle\u00a0\u00bb column_margin=\u00a0\u00bbdefault\u00a0\u00bb column_direction=\u00a0\u00bbdefault\u00a0\u00bb column_direction_tablet=\u00a0\u00bbdefault\u00a0\u00bb column_direction_phone=\u00a0\u00bbdefault\u00a0\u00bb scene_position=\u00a0\u00bbcenter\u00a0\u00bb text_color=\u00a0\u00bbdark\u00a0\u00bb text_align=\u00a0\u00bbleft\u00a0\u00bb row_border_radius=\u00a0\u00bbnone\u00a0\u00bb row_border_radius_applies=\u00a0\u00bbbg\u00a0\u00bb overlay_strength=\u00a0\u00bb0.3&Prime; gradient_direction=\u00a0\u00bbleft_to_right\u00a0\u00bb shape_divider_position=\u00a0\u00bbbottom\u00a0\u00bb bg_image_animation=\u00a0\u00bbnone\u00a0\u00bb shape_type=\u00a0\u00bb\u00a0\u00bb][vc_column column_padding=\u00a0\u00bbno-extra-padding\u00a0\u00bb column_padding_tablet=\u00a0\u00bbinherit\u00a0\u00bb column_padding_phone=\u00a0\u00bbinherit\u00a0\u00bb column_padding_position=\u00a0\u00bball\u00a0\u00bb background_color_opacity=\u00a0\u00bb1&Prime; background_hover_color_opacity=\u00a0\u00bb1&Prime; column_shadow=\u00a0\u00bbnone\u00a0\u00bb column_border_radius=\u00a0\u00bbnone\u00a0\u00bb column_link_target=\u00a0\u00bb_self\u00a0\u00bb gradient_direction=\u00a0\u00bbleft_to_right\u00a0\u00bb overlay_strength=\u00a0\u00bb0.3&Prime; width=\u00a0\u00bb1\/1&Prime; tablet_width_inherit=\u00a0\u00bbdefault\u00a0\u00bb...\" \/>\n<meta property=\"og:url\" content=\"https:\/\/chateau-plessis-mace.fr\/fr\/visites-animations\/visites\/\" \/>\n<meta property=\"og:site_name\" content=\"Ch\u00e2teau du Plessis-Mac\u00e9\" \/>\n<meta property=\"article:publisher\" content=\"https:\/\/www.facebook.com\/chateauplessismace\" \/>\n<meta property=\"article:modified_time\" content=\"2026-04-27T15:12:22+00:00\" \/>\n<meta name=\"twitter:card\" content=\"summary_large_image\" \/>\n<meta name=\"twitter:label1\" content=\"Dur\u00e9e de lecture estim\u00e9e\" \/>\n\t<meta name=\"twitter:data1\" content=\"7 minutes\" \/>\n<script type=\"application\/ld+json\" class=\"yoast-schema-graph\">{\"@context\":\"https:\/\/schema.org\",\"@graph\":[{\"@type\":\"WebPage\",\"@id\":\"https:\/\/chateau-plessis-mace.fr\/fr\/visites-animations\/visites\/\",\"url\":\"https:\/\/chateau-plessis-mace.fr\/fr\/visites-animations\/visites\/\",\"name\":\"Visites - Ch\u00e2teau du Plessis-Mac\u00e9\",\"isPartOf\":{\"@id\":\"https:\/\/chateau-plessis-mace.fr\/fr\/#website\"},\"datePublished\":\"2022-06-28T14:12:48+00:00\",\"dateModified\":\"2026-04-27T15:12:22+00:00\",\"breadcrumb\":{\"@id\":\"https:\/\/chateau-plessis-mace.fr\/fr\/visites-animations\/visites\/#breadcrumb\"},\"inLanguage\":\"fr-FR\",\"potentialAction\":[{\"@type\":\"ReadAction\",\"target\":[\"https:\/\/chateau-plessis-mace.fr\/fr\/visites-animations\/visites\/\"]}]},{\"@type\":\"BreadcrumbList\",\"@id\":\"https:\/\/chateau-plessis-mace.fr\/fr\/visites-animations\/visites\/#breadcrumb\",\"itemListElement\":[{\"@type\":\"ListItem\",\"position\":1,\"name\":\"Accueil\",\"item\":\"https:\/\/chateau-plessis-mace.fr\/fr\/\"},{\"@type\":\"ListItem\",\"position\":2,\"name\":\"Visites &#038; Animations\",\"item\":\"https:\/\/chateau-plessis-mace.fr\/fr\/visites-animations\/\"},{\"@type\":\"ListItem\",\"position\":3,\"name\":\"Visites\"}]},{\"@type\":\"WebSite\",\"@id\":\"https:\/\/chateau-plessis-mace.fr\/fr\/#website\",\"url\":\"https:\/\/chateau-plessis-mace.fr\/fr\/\",\"name\":\"Ch\u00e2teau du Plessis-Mac\u00e9\",\"description\":\"Le ch\u00e2teau du Plessis-Mac\u00e9 participe pleinement \u00e0 sa vocation d&#039;espace culturel, riche d&#039;actions vers le spectacle vivant mais \u00e9galement vers le patrimoine.\",\"publisher\":{\"@id\":\"https:\/\/chateau-plessis-mace.fr\/fr\/#organization\"},\"potentialAction\":[{\"@type\":\"SearchAction\",\"target\":{\"@type\":\"EntryPoint\",\"urlTemplate\":\"https:\/\/chateau-plessis-mace.fr\/fr\/?s={search_term_string}\"},\"query-input\":{\"@type\":\"PropertyValueSpecification\",\"valueRequired\":true,\"valueName\":\"search_term_string\"}}],\"inLanguage\":\"fr-FR\"},{\"@type\":\"Organization\",\"@id\":\"https:\/\/chateau-plessis-mace.fr\/fr\/#organization\",\"name\":\"Ch\u00e2teau du Plessis-Mac\u00e9\",\"url\":\"https:\/\/chateau-plessis-mace.fr\/fr\/\",\"logo\":{\"@type\":\"ImageObject\",\"inLanguage\":\"fr-FR\",\"@id\":\"https:\/\/chateau-plessis-mace.fr\/fr\/#\/schema\/logo\/image\/\",\"url\":\"https:\/\/chateau-plessis-mace.fr\/wp-content\/uploads\/2022\/06\/LOGO-LE-PLESSIS-MACE-NOIR-HD.png\",\"contentUrl\":\"https:\/\/chateau-plessis-mace.fr\/wp-content\/uploads\/2022\/06\/LOGO-LE-PLESSIS-MACE-NOIR-HD.png\",\"width\":1800,\"height\":1000,\"caption\":\"Ch\u00e2teau du Plessis-Mac\u00e9\"},\"image\":{\"@id\":\"https:\/\/chateau-plessis-mace.fr\/fr\/#\/schema\/logo\/image\/\"},\"sameAs\":[\"https:\/\/www.facebook.com\/chateauplessismace\",\"https:\/\/www.instagram.com\/chateauplessismace\/\"]}]}<\/script>\n<!-- \/ Yoast SEO plugin. -->","yoast_head_json":{"title":"Visites - Ch\u00e2teau du Plessis-Mac\u00e9","robots":{"index":"index","follow":"follow","max-snippet":"max-snippet:-1","max-image-preview":"max-image-preview:large","max-video-preview":"max-video-preview:-1"},"canonical":"https:\/\/chateau-plessis-mace.fr\/fr\/visites-animations\/visites\/","og_locale":"fr_FR","og_type":"article","og_title":"Visites - Ch\u00e2teau du Plessis-Mac\u00e9","og_description":"[vc_row type=\u00a0\u00bbfull_width_content\u00a0\u00bb full_screen_row_position=\u00a0\u00bbmiddle\u00a0\u00bb column_margin=\u00a0\u00bbdefault\u00a0\u00bb column_direction=\u00a0\u00bbdefault\u00a0\u00bb column_direction_tablet=\u00a0\u00bbdefault\u00a0\u00bb column_direction_phone=\u00a0\u00bbdefault\u00a0\u00bb scene_position=\u00a0\u00bbcenter\u00a0\u00bb text_color=\u00a0\u00bbdark\u00a0\u00bb text_align=\u00a0\u00bbleft\u00a0\u00bb row_border_radius=\u00a0\u00bbnone\u00a0\u00bb row_border_radius_applies=\u00a0\u00bbbg\u00a0\u00bb overlay_strength=\u00a0\u00bb0.3&Prime; gradient_direction=\u00a0\u00bbleft_to_right\u00a0\u00bb shape_divider_position=\u00a0\u00bbbottom\u00a0\u00bb bg_image_animation=\u00a0\u00bbnone\u00a0\u00bb shape_type=\u00a0\u00bb\u00a0\u00bb][vc_column column_padding=\u00a0\u00bbno-extra-padding\u00a0\u00bb column_padding_tablet=\u00a0\u00bbinherit\u00a0\u00bb column_padding_phone=\u00a0\u00bbinherit\u00a0\u00bb column_padding_position=\u00a0\u00bball\u00a0\u00bb background_color_opacity=\u00a0\u00bb1&Prime; background_hover_color_opacity=\u00a0\u00bb1&Prime; column_shadow=\u00a0\u00bbnone\u00a0\u00bb column_border_radius=\u00a0\u00bbnone\u00a0\u00bb column_link_target=\u00a0\u00bb_self\u00a0\u00bb gradient_direction=\u00a0\u00bbleft_to_right\u00a0\u00bb overlay_strength=\u00a0\u00bb0.3&Prime; width=\u00a0\u00bb1\/1&Prime; tablet_width_inherit=\u00a0\u00bbdefault\u00a0\u00bb...","og_url":"https:\/\/chateau-plessis-mace.fr\/fr\/visites-animations\/visites\/","og_site_name":"Ch\u00e2teau du Plessis-Mac\u00e9","article_publisher":"https:\/\/www.facebook.com\/chateauplessismace","article_modified_time":"2026-04-27T15:12:22+00:00","twitter_card":"summary_large_image","twitter_misc":{"Dur\u00e9e de lecture estim\u00e9e":"7 minutes"},"schema":{"@context":"https:\/\/schema.org","@graph":[{"@type":"WebPage","@id":"https:\/\/chateau-plessis-mace.fr\/fr\/visites-animations\/visites\/","url":"https:\/\/chateau-plessis-mace.fr\/fr\/visites-animations\/visites\/","name":"Visites - Ch\u00e2teau du Plessis-Mac\u00e9","isPartOf":{"@id":"https:\/\/chateau-plessis-mace.fr\/fr\/#website"},"datePublished":"2022-06-28T14:12:48+00:00","dateModified":"2026-04-27T15:12:22+00:00","breadcrumb":{"@id":"https:\/\/chateau-plessis-mace.fr\/fr\/visites-animations\/visites\/#breadcrumb"},"inLanguage":"fr-FR","potentialAction":[{"@type":"ReadAction","target":["https:\/\/chateau-plessis-mace.fr\/fr\/visites-animations\/visites\/"]}]},{"@type":"BreadcrumbList","@id":"https:\/\/chateau-plessis-mace.fr\/fr\/visites-animations\/visites\/#breadcrumb","itemListElement":[{"@type":"ListItem","position":1,"name":"Accueil","item":"https:\/\/chateau-plessis-mace.fr\/fr\/"},{"@type":"ListItem","position":2,"name":"Visites &#038; Animations","item":"https:\/\/chateau-plessis-mace.fr\/fr\/visites-animations\/"},{"@type":"ListItem","position":3,"name":"Visites"}]},{"@type":"WebSite","@id":"https:\/\/chateau-plessis-mace.fr\/fr\/#website","url":"https:\/\/chateau-plessis-mace.fr\/fr\/","name":"Ch\u00e2teau du Plessis-Mac\u00e9","description":"Le ch\u00e2teau du Plessis-Mac\u00e9 participe pleinement \u00e0 sa vocation d&#039;espace culturel, riche d&#039;actions vers le spectacle vivant mais \u00e9galement vers le patrimoine.","publisher":{"@id":"https:\/\/chateau-plessis-mace.fr\/fr\/#organization"},"potentialAction":[{"@type":"SearchAction","target":{"@type":"EntryPoint","urlTemplate":"https:\/\/chateau-plessis-mace.fr\/fr\/?s={search_term_string}"},"query-input":{"@type":"PropertyValueSpecification","valueRequired":true,"valueName":"search_term_string"}}],"inLanguage":"fr-FR"},{"@type":"Organization","@id":"https:\/\/chateau-plessis-mace.fr\/fr\/#organization","name":"Ch\u00e2teau du Plessis-Mac\u00e9","url":"https:\/\/chateau-plessis-mace.fr\/fr\/","logo":{"@type":"ImageObject","inLanguage":"fr-FR","@id":"https:\/\/chateau-plessis-mace.fr\/fr\/#\/schema\/logo\/image\/","url":"https:\/\/chateau-plessis-mace.fr\/wp-content\/uploads\/2022\/06\/LOGO-LE-PLESSIS-MACE-NOIR-HD.png","contentUrl":"https:\/\/chateau-plessis-mace.fr\/wp-content\/uploads\/2022\/06\/LOGO-LE-PLESSIS-MACE-NOIR-HD.png","width":1800,"height":1000,"caption":"Ch\u00e2teau du Plessis-Mac\u00e9"},"image":{"@id":"https:\/\/chateau-plessis-mace.fr\/fr\/#\/schema\/logo\/image\/"},"sameAs":["https:\/\/www.facebook.com\/chateauplessismace","https:\/\/www.instagram.com\/chateauplessismace\/"]}]}},"_links":{"self":[{"href":"https:\/\/chateau-plessis-mace.fr\/fr\/wp-json\/wp\/v2\/pages\/3727","targetHints":{"allow":["GET"]}}],"collection":[{"href":"https:\/\/chateau-plessis-mace.fr\/fr\/wp-json\/wp\/v2\/pages"}],"about":[{"href":"https:\/\/chateau-plessis-mace.fr\/fr\/wp-json\/wp\/v2\/types\/page"}],"author":[{"embeddable":true,"href":"https:\/\/chateau-plessis-mace.fr\/fr\/wp-json\/wp\/v2\/users\/10"}],"replies":[{"embeddable":true,"href":"https:\/\/chateau-plessis-mace.fr\/fr\/wp-json\/wp\/v2\/comments?post=3727"}],"version-history":[{"count":102,"href":"https:\/\/chateau-plessis-mace.fr\/fr\/wp-json\/wp\/v2\/pages\/3727\/revisions"}],"predecessor-version":[{"id":7002,"href":"https:\/\/chateau-plessis-mace.fr\/fr\/wp-json\/wp\/v2\/pages\/3727\/revisions\/7002"}],"up":[{"embeddable":true,"href":"https:\/\/chateau-plessis-mace.fr\/fr\/wp-json\/wp\/v2\/pages\/3273"}],"wp:attachment":[{"href":"https:\/\/chateau-plessis-mace.fr\/fr\/wp-json\/wp\/v2\/media?parent=3727"}],"curies":[{"name":"wp","href":"https:\/\/api.w.org\/{rel}","templated":true}]}}