{"id":5397,"date":"2024-09-09T11:57:19","date_gmt":"2024-09-09T09:57:19","guid":{"rendered":"https:\/\/chateau-plessis-mace.fr\/?post_type=evenement&#038;p=5397"},"modified":"2026-09-01T12:09:59","modified_gmt":"2026-09-01T10:09:59","slug":"silence_du_monde","status":"publish","type":"evenement","link":"https:\/\/chateau-plessis-mace.fr\/fr\/evenement\/silence_du_monde\/","title":{"rendered":"Le silence du monde | Installation magique"},"content":{"rendered":"[vc_row type=\u00a0\u00bbfull_width_content\u00a0\u00bb full_screen_row_position=\u00a0\u00bbmiddle\u00a0\u00bb column_margin=\u00a0\u00bbdefault\u00a0\u00bb column_direction=\u00a0\u00bbdefault\u00a0\u00bb column_direction_tablet=\u00a0\u00bbdefault\u00a0\u00bb column_direction_phone=\u00a0\u00bbdefault\u00a0\u00bb scene_position=\u00a0\u00bbcenter\u00a0\u00bb text_color=\u00a0\u00bbdark\u00a0\u00bb text_align=\u00a0\u00bbleft\u00a0\u00bb row_border_radius=\u00a0\u00bbnone\u00a0\u00bb row_border_radius_applies=\u00a0\u00bbbg\u00a0\u00bb overlay_strength=\u00a0\u00bb0.3&Prime; gradient_direction=\u00a0\u00bbleft_to_right\u00a0\u00bb shape_divider_position=\u00a0\u00bbbottom\u00a0\u00bb bg_image_animation=\u00a0\u00bbnone\u00a0\u00bb shape_type=\u00a0\u00bb\u00a0\u00bb][vc_column column_padding=\u00a0\u00bbno-extra-padding\u00a0\u00bb column_padding_tablet=\u00a0\u00bbinherit\u00a0\u00bb column_padding_phone=\u00a0\u00bbinherit\u00a0\u00bb column_padding_position=\u00a0\u00bball\u00a0\u00bb background_color_opacity=\u00a0\u00bb1&Prime; background_hover_color_opacity=\u00a0\u00bb1&Prime; column_shadow=\u00a0\u00bbnone\u00a0\u00bb column_border_radius=\u00a0\u00bbnone\u00a0\u00bb column_link_target=\u00a0\u00bb_self\u00a0\u00bb gradient_direction=\u00a0\u00bbleft_to_right\u00a0\u00bb overlay_strength=\u00a0\u00bb0.3&Prime; width=\u00a0\u00bb1\/1&Prime; tablet_width_inherit=\u00a0\u00bbdefault\u00a0\u00bb tablet_text_alignment=\u00a0\u00bbdefault\u00a0\u00bb phone_text_alignment=\u00a0\u00bbdefault\u00a0\u00bb column_border_width=\u00a0\u00bbnone\u00a0\u00bb column_border_style=\u00a0\u00bbsolid\u00a0\u00bb bg_image_animation=\u00a0\u00bbnone\u00a0\u00bb][vc_raw_html]JTNDZGl2JTIwY2xhc3MlM0QlMjJlbS1ldmVudC1oZWFkZXItaW1hZ2UlMjIlMjBzdHlsZSUzRCUyMmJhY2tncm91bmQtaW1hZ2UlM0ElMjB1cmwlMjglNUJ0eXBlcyUyMGZpZWxkJTNEJTI3aW1hZ2UtcHJvZ3JhbW1hdGlvbi1ldmVuZW1lbnQlMjclMjBvdXRwdXQlM0QlMjdyYXclMjclNUQlMjklMjIlM0UlMEElMjAlMjAlM0NkaXYlMjBjbGFzcyUzRCUyMmVtLWV2ZW50LWhlYWRlci1pbmZvJTIyJTNFJTBBJTIwJTIwJTIwJTIwJTNDZGl2JTIwY2xhc3MlM0QlMjJlbS1ldmVudC1oZWFkZXItaW5mb19fdGF4b25vbXklMjIlM0UlMEElMjAlMjAlMjAlMjAlMjAlMjAlNUJ0eXBlcyUyMGZpZWxkJTNEJTI3aGVhZGVyLXNvdXN0aXRyZS1ldmVuZW1lbnQlMjclMjBvdXRwdXQlM0QlMjdyYXclMjclNUQlMEElMjAlMjAlMjAlMjAlM0MlMkZkaXYlM0UlMEElMjAlMjAlMjAlMjAlM0NkaXYlMjBjbGFzcyUzRCUyMmVtLWV2ZW50LWhlYWRlci1pbmZvX190aXRsZSUyMiUzRSUwQSUyMCUyMCUyMCUyMCUyMCUyMCU1QnR5cGVzJTIwZmllbGQlM0QlMjdzaWRlLXRpdHJlLWV2ZW5lbWVudCUyNyUyMG91dHB1dCUzRCUyN3JhdyUyNyU1RCUwQSUyMCUyMCUyMCUyMCUzQyUyRmRpdiUzRSUwQSUyMCUyMCUzQyUyRmRpdiUzRSUwQSUzQyUyRmRpdiUzRQ==[\/vc_raw_html][\/vc_column][\/vc_row][vc_row type=\u00a0\u00bbfull_width_background\u00a0\u00bb full_screen_row_position=\u00a0\u00bbmiddle\u00a0\u00bb column_margin=\u00a0\u00bbdefault\u00a0\u00bb column_direction=\u00a0\u00bbdefault\u00a0\u00bb column_direction_tablet=\u00a0\u00bbdefault\u00a0\u00bb column_direction_phone=\u00a0\u00bbdefault\u00a0\u00bb scene_position=\u00a0\u00bbcenter\u00a0\u00bb top_padding=\u00a0\u00bb0&Prime; bottom_padding=\u00a0\u00bb0&Prime; top_padding_phone=\u00a0\u00bb50&Prime; text_color=\u00a0\u00bbdark\u00a0\u00bb text_align=\u00a0\u00bbleft\u00a0\u00bb row_border_radius=\u00a0\u00bbnone\u00a0\u00bb row_border_radius_applies=\u00a0\u00bbbg\u00a0\u00bb overlay_strength=\u00a0\u00bb0.3&Prime; gradient_direction=\u00a0\u00bbleft_to_right\u00a0\u00bb shape_divider_position=\u00a0\u00bbbottom\u00a0\u00bb bg_image_animation=\u00a0\u00bbnone\u00a0\u00bb shape_type=\u00a0\u00bb\u00a0\u00bb][vc_column column_padding=\u00a0\u00bbno-extra-padding\u00a0\u00bb column_padding_tablet=\u00a0\u00bbinherit\u00a0\u00bb column_padding_phone=\u00a0\u00bbinherit\u00a0\u00bb column_padding_position=\u00a0\u00bball\u00a0\u00bb background_color_opacity=\u00a0\u00bb1&Prime; background_hover_color_opacity=\u00a0\u00bb1&Prime; column_shadow=\u00a0\u00bbnone\u00a0\u00bb column_border_radius=\u00a0\u00bbnone\u00a0\u00bb column_link_target=\u00a0\u00bb_self\u00a0\u00bb gradient_direction=\u00a0\u00bbleft_to_right\u00a0\u00bb overlay_strength=\u00a0\u00bb0.3&Prime; width=\u00a0\u00bb1\/1&Prime; tablet_width_inherit=\u00a0\u00bbdefault\u00a0\u00bb tablet_text_alignment=\u00a0\u00bbdefault\u00a0\u00bb phone_text_alignment=\u00a0\u00bbdefault\u00a0\u00bb column_border_width=\u00a0\u00bbnone\u00a0\u00bb column_border_style=\u00a0\u00bbsolid\u00a0\u00bb bg_image_animation=\u00a0\u00bbnone\u00a0\u00bb][vc_raw_html el_class=\u00a0\u00bbem-side-text em-side-text__top b&#8211;450&Prime;]JTNDc3BhbiUzRSU1QnR5cGVzJTIwZmllbGQlM0QlMjdzaWRlLXRpdHJlLWV2ZW5lbWVudCUyNyUyMG91dHB1dCUzRCUyN3JhdyUyNyU1RCUzQyUyRnNwYW4lM0U=[\/vc_raw_html][\/vc_column][vc_column column_padding=\u00a0\u00bbno-extra-padding\u00a0\u00bb column_padding_tablet=\u00a0\u00bbinherit\u00a0\u00bb column_padding_phone=\u00a0\u00bbinherit\u00a0\u00bb column_padding_position=\u00a0\u00bball\u00a0\u00bb background_color_opacity=\u00a0\u00bb1&Prime; background_hover_color_opacity=\u00a0\u00bb1&Prime; column_shadow=\u00a0\u00bbnone\u00a0\u00bb column_border_radius=\u00a0\u00bbnone\u00a0\u00bb column_link_target=\u00a0\u00bb_self\u00a0\u00bb gradient_direction=\u00a0\u00bbleft_to_right\u00a0\u00bb overlay_strength=\u00a0\u00bb0.3&Prime; width=\u00a0\u00bb1\/1&Prime; tablet_width_inherit=\u00a0\u00bbdefault\u00a0\u00bb tablet_text_alignment=\u00a0\u00bbdefault\u00a0\u00bb phone_text_alignment=\u00a0\u00bbdefault\u00a0\u00bb column_border_width=\u00a0\u00bbnone\u00a0\u00bb column_border_style=\u00a0\u00bbsolid\u00a0\u00bb bg_image_animation=\u00a0\u00bbnone\u00a0\u00bb][\/vc_column][\/vc_row][vc_row type=\u00a0\u00bbfull_width_background\u00a0\u00bb full_screen_row_position=\u00a0\u00bbmiddle\u00a0\u00bb column_margin=\u00a0\u00bbdefault\u00a0\u00bb column_direction=\u00a0\u00bbdefault\u00a0\u00bb column_direction_tablet=\u00a0\u00bbdefault\u00a0\u00bb column_direction_phone=\u00a0\u00bbdefault\u00a0\u00bb bg_color=\u00a0\u00bb#efefef\u00a0\u00bb scene_position=\u00a0\u00bbcenter\u00a0\u00bb top_padding=\u00a0\u00bb120&Prime; bottom_padding=\u00a0\u00bb80&Prime; top_padding_phone=\u00a0\u00bb30&Prime; text_color=\u00a0\u00bbdark\u00a0\u00bb text_align=\u00a0\u00bbleft\u00a0\u00bb row_border_radius=\u00a0\u00bbnone\u00a0\u00bb row_border_radius_applies=\u00a0\u00bbbg\u00a0\u00bb class=\u00a0\u00bbsingle-spectacle\u00a0\u00bb overlay_strength=\u00a0\u00bb0.3&Prime; gradient_direction=\u00a0\u00bbleft_to_right\u00a0\u00bb shape_divider_position=\u00a0\u00bbbottom\u00a0\u00bb bg_image_animation=\u00a0\u00bbnone\u00a0\u00bb shape_type=\u00a0\u00bb\u00a0\u00bb][vc_column column_padding=\u00a0\u00bbno-extra-padding\u00a0\u00bb column_padding_tablet=\u00a0\u00bbinherit\u00a0\u00bb column_padding_phone=\u00a0\u00bbinherit\u00a0\u00bb column_padding_position=\u00a0\u00bball\u00a0\u00bb background_color_opacity=\u00a0\u00bb1&Prime; background_hover_color_opacity=\u00a0\u00bb1&Prime; column_shadow=\u00a0\u00bbnone\u00a0\u00bb column_border_radius=\u00a0\u00bbnone\u00a0\u00bb column_link_target=\u00a0\u00bb_self\u00a0\u00bb el_class=\u00a0\u00bbcascading-translate-mobile\u00a0\u00bb gradient_direction=\u00a0\u00bbleft_to_right\u00a0\u00bb overlay_strength=\u00a0\u00bb0.3&Prime; width=\u00a0\u00bb1\/2&Prime; tablet_width_inherit=\u00a0\u00bbdefault\u00a0\u00bb tablet_text_alignment=\u00a0\u00bbdefault\u00a0\u00bb phone_text_alignment=\u00a0\u00bbdefault\u00a0\u00bb column_border_width=\u00a0\u00bbnone\u00a0\u00bb column_border_style=\u00a0\u00bbsolid\u00a0\u00bb bg_image_animation=\u00a0\u00bbnone\u00a0\u00bb][image_with_animation image_url=\u00a0\u00bb7138&Prime; animation=\u00a0\u00bbFade In\u00a0\u00bb hover_animation=\u00a0\u00bbnone\u00a0\u00bb alignment=\u00a0\u00bb\u00a0\u00bb border_radius=\u00a0\u00bbnone\u00a0\u00bb box_shadow=\u00a0\u00bbnone\u00a0\u00bb image_loading=\u00a0\u00bbdefault\u00a0\u00bb max_width=\u00a0\u00bb75%\u00a0\u00bb max_width_mobile=\u00a0\u00bbdefault\u00a0\u00bb][vc_column_text css_animation=\u00a0\u00bbfadeIn\u00a0\u00bb el_class=\u00a0\u00bbfont-16&Prime;]Cr\u00e9dits photographiques : droits r\u00e9serv\u00e9s[\/vc_column_text][\/vc_column][vc_column column_padding=\u00a0\u00bbno-extra-padding\u00a0\u00bb column_padding_tablet=\u00a0\u00bbinherit\u00a0\u00bb column_padding_phone=\u00a0\u00bbinherit\u00a0\u00bb column_padding_position=\u00a0\u00bball\u00a0\u00bb background_color_opacity=\u00a0\u00bb1&Prime; background_hover_color_opacity=\u00a0\u00bb1&Prime; column_shadow=\u00a0\u00bbnone\u00a0\u00bb column_border_radius=\u00a0\u00bbnone\u00a0\u00bb column_link_target=\u00a0\u00bb_self\u00a0\u00bb gradient_direction=\u00a0\u00bbleft_to_right\u00a0\u00bb overlay_strength=\u00a0\u00bb0.3&Prime; width=\u00a0\u00bb1\/2&Prime; tablet_width_inherit=\u00a0\u00bbdefault\u00a0\u00bb tablet_text_alignment=\u00a0\u00bbdefault\u00a0\u00bb phone_text_alignment=\u00a0\u00bbdefault\u00a0\u00bb column_border_width=\u00a0\u00bbnone\u00a0\u00bb column_border_style=\u00a0\u00bbsolid\u00a0\u00bb bg_image_animation=\u00a0\u00bbnone\u00a0\u00bb][vc_column_text css_animation=\u00a0\u00bbfadeIn\u00a0\u00bb]<span class=\"em-prog__date\">Du 17 au 29 octobre | Du mer. au dim. de 14h \u00e0 18h30<br \/>\n<\/span><span class=\"em-prog__public\">8 ANS ET +<br \/>\n<\/span>[\/vc_column_text][vc_column_text css_animation=\u00a0\u00bbfadeIn\u00a0\u00bb css=\u00a0\u00bb.vc_custom_1786546369887{margin-top: 30px !important;margin-bottom: 30px !important;}\u00a0\u00bb el_class=\u00a0\u00bbfont-16&Prime;]Pendant les vacances de la Toussaint, et dans le cadre du festival Zone de turbulences, le ch\u00e2teau du Plessis-Mac\u00e9 s&rsquo;immergera dans le monde de la magie et de l&rsquo;illusion avec <em>Le silence du monde<\/em> d&rsquo;\u00c9tienne Saglio<\/p>\n<p>Dans un laboratoire abandonn\u00e9, r\u00e9interpr\u00e9tation personnelle du cabinet de curiosit\u00e9s, des morceaux de papier dansent, des ombres de serpents s\u2019emm\u00ealent, pendant que des nuages \u00e0 l\u2019abri sous leurs cloches de verre laissent le temps passer sans eux. Entre magie nouvelle, po\u00e9sie et arts plastiques, \u00c9tienne Saglio jongle avec le minimalisme, l\u2019\u00e9nigmatique et l\u2019hypnotique et d\u00e9tourne les lois de la physique tout en fascinant les regards.<\/p>\n<p><em>*Acc\u00e8s \u00e0 la salle uniquement par un escalier d\u2019une dizaine de marches<br \/>\n*Le parcours n\u2019est pas adapt\u00e9 aux enfants de moins de 8 ans<br \/>\n*Le parcours se d\u00e9roule dans le noir complet<\/em>[\/vc_column_text][vc_column_text css_animation=\u00a0\u00bbfadeIn\u00a0\u00bb css=\u00a0\u00bb.vc_custom_1788257049543{margin-top: 30px !important;margin-bottom: 30px !important;}\u00a0\u00bb el_class=\u00a0\u00bbfont-16&Prime;]<span style=\"color: #be5800;\"><strong><span style=\"color: #000000;\">Dur\u00e9e 50min | D\u00e9parts \u00e0 14h30 \u00b7 15h30 \u00b7 16h30 \u00b7 17h30<\/span><br \/>\n<\/strong><\/span><\/p>\n<ul>\n<li><strong>Acc\u00e8s inclus dans le billet de visite<\/strong><\/li>\n<li><strong>Ouvert aux horaires d&rsquo;ouverture du ch\u00e2teau<\/strong><\/li>\n<\/ul>\n[\/vc_column_text][nectar_btn size=\u00a0\u00bbsmall\u00a0\u00bb open_new_tab=\u00a0\u00bbtrue\u00a0\u00bb button_style=\u00a0\u00bbregular\u00a0\u00bb button_color_2=\u00a0\u00bbAccent-Color\u00a0\u00bb color_override=\u00a0\u00bb#007b84&Prime; icon_family=\u00a0\u00bbnone\u00a0\u00bb el_class=\u00a0\u00bbem-button\u00a0\u00bb text=\u00a0\u00bbR\u00e9servation \u00e0 venir\u00a0\u00bb][\/vc_column][\/vc_row][vc_row type=\u00a0\u00bbfull_width_background\u00a0\u00bb full_screen_row_position=\u00a0\u00bbmiddle\u00a0\u00bb column_margin=\u00a0\u00bbdefault\u00a0\u00bb column_direction=\u00a0\u00bbdefault\u00a0\u00bb column_direction_tablet=\u00a0\u00bbdefault\u00a0\u00bb column_direction_phone=\u00a0\u00bbdefault\u00a0\u00bb scene_position=\u00a0\u00bbcenter\u00a0\u00bb top_padding=\u00a0\u00bb0&Prime; bottom_padding=\u00a0\u00bb80&Prime; top_padding_phone=\u00a0\u00bb50&Prime; text_color=\u00a0\u00bbdark\u00a0\u00bb text_align=\u00a0\u00bbleft\u00a0\u00bb row_border_radius=\u00a0\u00bbnone\u00a0\u00bb row_border_radius_applies=\u00a0\u00bbbg\u00a0\u00bb class=\u00a0\u00bbno-tablet\u00a0\u00bb overlay_strength=\u00a0\u00bb0.3&Prime; gradient_direction=\u00a0\u00bbleft_to_right\u00a0\u00bb shape_divider_position=\u00a0\u00bbbottom\u00a0\u00bb bg_image_animation=\u00a0\u00bbnone\u00a0\u00bb shape_type=\u00a0\u00bb\u00a0\u00bb][vc_column column_padding=\u00a0\u00bbno-extra-padding\u00a0\u00bb column_padding_tablet=\u00a0\u00bbinherit\u00a0\u00bb column_padding_phone=\u00a0\u00bbinherit\u00a0\u00bb column_padding_position=\u00a0\u00bball\u00a0\u00bb background_color_opacity=\u00a0\u00bb1&Prime; background_hover_color_opacity=\u00a0\u00bb1&Prime; column_shadow=\u00a0\u00bbnone\u00a0\u00bb column_border_radius=\u00a0\u00bbnone\u00a0\u00bb column_link_target=\u00a0\u00bb_self\u00a0\u00bb gradient_direction=\u00a0\u00bbleft_to_right\u00a0\u00bb overlay_strength=\u00a0\u00bb0.3&Prime; width=\u00a0\u00bb1\/1&Prime; tablet_width_inherit=\u00a0\u00bbdefault\u00a0\u00bb tablet_text_alignment=\u00a0\u00bbdefault\u00a0\u00bb phone_text_alignment=\u00a0\u00bbdefault\u00a0\u00bb column_border_width=\u00a0\u00bbnone\u00a0\u00bb column_border_style=\u00a0\u00bbsolid\u00a0\u00bb bg_image_animation=\u00a0\u00bbnone\u00a0\u00bb][vc_raw_html el_class=\u00a0\u00bbem-side-text em-side-text__bottom pull-right-90 b-50&Prime;]JTNDc3BhbiUzRSU1QnR5cGVzJTIwZmllbGQlM0QlMjdzaWRlLXRpdHJlLWV2ZW5lbWVudCUyNyUyMG91dHB1dCUzRCUyN3JhdyUyNyU1RCUzQyUyRnNwYW4lM0U=[\/vc_raw_html][\/vc_column][\/vc_row][vc_row type=\u00a0\u00bbfull_width_content\u00a0\u00bb full_screen_row_position=\u00a0\u00bbmiddle\u00a0\u00bb column_margin=\u00a0\u00bbdefault\u00a0\u00bb column_direction=\u00a0\u00bbdefault\u00a0\u00bb column_direction_tablet=\u00a0\u00bbdefault\u00a0\u00bb column_direction_phone=\u00a0\u00bbdefault\u00a0\u00bb scene_position=\u00a0\u00bbcenter\u00a0\u00bb top_padding=\u00a0\u00bb0&Prime; bottom_padding=\u00a0\u00bb0&Prime; text_color=\u00a0\u00bbdark\u00a0\u00bb text_align=\u00a0\u00bbleft\u00a0\u00bb row_border_radius=\u00a0\u00bbnone\u00a0\u00bb row_border_radius_applies=\u00a0\u00bbbg\u00a0\u00bb class=\u00a0\u00bbz-100&Prime; overlay_strength=\u00a0\u00bb0.3&Prime; gradient_direction=\u00a0\u00bbleft_to_right\u00a0\u00bb shape_divider_position=\u00a0\u00bbbottom\u00a0\u00bb bg_image_animation=\u00a0\u00bbnone\u00a0\u00bb shape_type=\u00a0\u00bb\u00a0\u00bb][vc_column column_padding=\u00a0\u00bbno-extra-padding\u00a0\u00bb column_padding_tablet=\u00a0\u00bbinherit\u00a0\u00bb column_padding_phone=\u00a0\u00bbinherit\u00a0\u00bb column_padding_position=\u00a0\u00bball\u00a0\u00bb background_color_opacity=\u00a0\u00bb1&Prime; background_hover_color_opacity=\u00a0\u00bb1&Prime; column_shadow=\u00a0\u00bbnone\u00a0\u00bb column_border_radius=\u00a0\u00bbnone\u00a0\u00bb column_link_target=\u00a0\u00bb_self\u00a0\u00bb gradient_direction=\u00a0\u00bbleft_to_right\u00a0\u00bb overlay_strength=\u00a0\u00bb0.3&Prime; width=\u00a0\u00bb1\/1&Prime; tablet_width_inherit=\u00a0\u00bbdefault\u00a0\u00bb tablet_text_alignment=\u00a0\u00bbdefault\u00a0\u00bb phone_text_alignment=\u00a0\u00bbdefault\u00a0\u00bb column_border_width=\u00a0\u00bbnone\u00a0\u00bb column_border_style=\u00a0\u00bbsolid\u00a0\u00bb bg_image_animation=\u00a0\u00bbnone\u00a0\u00bb][vc_raw_html el_class=\u00a0\u00bbem-side-text em-side-text__bottom pull-right-90 b-50&Prime;]JTNDc3BhbiUzRVByb2dyYW1tYXRpb24lM0MlMkZzcGFuJTNF[\/vc_raw_html][\/vc_column][\/vc_row]\n","protected":false},"featured_media":7157,"template":"","class_list":["post-5397","evenement","type-evenement","status-publish","has-post-thumbnail"],"yoast_head":"<!-- This site is optimized with the Yoast SEO plugin v28.3 - https:\/\/yoast.com\/product\/yoast-seo-wordpress\/ -->\n<title>Le silence du monde | Installation magique - Ch\u00e2teau du Plessis-Mac\u00e9<\/title>\n<meta name=\"robots\" content=\"index, follow, max-snippet:-1, max-image-preview:large, max-video-preview:-1\" \/>\n<link rel=\"canonical\" href=\"https:\/\/chateau-plessis-mace.fr\/fr\/evenement\/silence_du_monde\/\" \/>\n<meta property=\"og:locale\" content=\"fr_FR\" \/>\n<meta property=\"og:type\" content=\"article\" \/>\n<meta property=\"og:title\" content=\"Le silence du monde | Installation magique - Ch\u00e2teau du Plessis-Mac\u00e9\" \/>\n<meta property=\"og:description\" content=\"[vc_row type=\u00a0\u00bbfull_width_content\u00a0\u00bb full_screen_row_position=\u00a0\u00bbmiddle\u00a0\u00bb column_margin=\u00a0\u00bbdefault\u00a0\u00bb column_direction=\u00a0\u00bbdefault\u00a0\u00bb column_direction_tablet=\u00a0\u00bbdefault\u00a0\u00bb column_direction_phone=\u00a0\u00bbdefault\u00a0\u00bb scene_position=\u00a0\u00bbcenter\u00a0\u00bb text_color=\u00a0\u00bbdark\u00a0\u00bb text_align=\u00a0\u00bbleft\u00a0\u00bb row_border_radius=\u00a0\u00bbnone\u00a0\u00bb row_border_radius_applies=\u00a0\u00bbbg\u00a0\u00bb overlay_strength=\u00a0\u00bb0.3&Prime; gradient_direction=\u00a0\u00bbleft_to_right\u00a0\u00bb shape_divider_position=\u00a0\u00bbbottom\u00a0\u00bb bg_image_animation=\u00a0\u00bbnone\u00a0\u00bb shape_type=\u00a0\u00bb\u00a0\u00bb][vc_column column_padding=\u00a0\u00bbno-extra-padding\u00a0\u00bb column_padding_tablet=\u00a0\u00bbinherit\u00a0\u00bb column_padding_phone=\u00a0\u00bbinherit\u00a0\u00bb column_padding_position=\u00a0\u00bball\u00a0\u00bb background_color_opacity=\u00a0\u00bb1&Prime; background_hover_color_opacity=\u00a0\u00bb1&Prime; column_shadow=\u00a0\u00bbnone\u00a0\u00bb column_border_radius=\u00a0\u00bbnone\u00a0\u00bb column_link_target=\u00a0\u00bb_self\u00a0\u00bb gradient_direction=\u00a0\u00bbleft_to_right\u00a0\u00bb overlay_strength=\u00a0\u00bb0.3&Prime; width=\u00a0\u00bb1\/1&Prime; tablet_width_inherit=\u00a0\u00bbdefault\u00a0\u00bb...\" \/>\n<meta property=\"og:url\" content=\"https:\/\/chateau-plessis-mace.fr\/fr\/evenement\/silence_du_monde\/\" \/>\n<meta property=\"og:site_name\" content=\"Ch\u00e2teau du Plessis-Mac\u00e9\" \/>\n<meta property=\"article:publisher\" content=\"https:\/\/www.facebook.com\/chateauplessismace\" \/>\n<meta property=\"article:modified_time\" content=\"2026-09-01T10:09:59+00:00\" \/>\n<meta property=\"og:image\" content=\"https:\/\/chateau-plessis-mace.fr\/wp-content\/uploads\/2024\/09\/cpm26-image_mise_en_avant-silence_du_monde.jpg\" \/>\n\t<meta property=\"og:image:width\" content=\"415\" \/>\n\t<meta property=\"og:image:height\" content=\"360\" \/>\n\t<meta property=\"og:image:type\" content=\"image\/jpeg\" \/>\n<meta name=\"twitter:card\" content=\"summary_large_image\" \/>\n<meta name=\"twitter:label1\" content=\"Dur\u00e9e de lecture estim\u00e9e\" \/>\n\t<meta name=\"twitter:data1\" content=\"3 minutes\" \/>\n<script type=\"application\/ld+json\" class=\"yoast-schema-graph\">{\"@context\":\"https:\\\/\\\/schema.org\",\"@graph\":[{\"@type\":\"WebPage\",\"@id\":\"https:\\\/\\\/chateau-plessis-mace.fr\\\/fr\\\/evenement\\\/silence_du_monde\\\/\",\"url\":\"https:\\\/\\\/chateau-plessis-mace.fr\\\/fr\\\/evenement\\\/silence_du_monde\\\/\",\"name\":\"Le silence du monde | Installation magique - Ch\u00e2teau du Plessis-Mac\u00e9\",\"isPartOf\":{\"@id\":\"https:\\\/\\\/chateau-plessis-mace.fr\\\/fr\\\/#website\"},\"primaryImageOfPage\":{\"@id\":\"https:\\\/\\\/chateau-plessis-mace.fr\\\/fr\\\/evenement\\\/silence_du_monde\\\/#primaryimage\"},\"image\":{\"@id\":\"https:\\\/\\\/chateau-plessis-mace.fr\\\/fr\\\/evenement\\\/silence_du_monde\\\/#primaryimage\"},\"thumbnailUrl\":\"https:\\\/\\\/chateau-plessis-mace.fr\\\/wp-content\\\/uploads\\\/2024\\\/09\\\/cpm26-image_mise_en_avant-silence_du_monde.jpg\",\"datePublished\":\"2024-09-09T09:57:19+00:00\",\"dateModified\":\"2026-09-01T10:09:59+00:00\",\"breadcrumb\":{\"@id\":\"https:\\\/\\\/chateau-plessis-mace.fr\\\/fr\\\/evenement\\\/silence_du_monde\\\/#breadcrumb\"},\"inLanguage\":\"fr-FR\",\"potentialAction\":[{\"@type\":\"ReadAction\",\"target\":[\"https:\\\/\\\/chateau-plessis-mace.fr\\\/fr\\\/evenement\\\/silence_du_monde\\\/\"]}]},{\"@type\":\"ImageObject\",\"inLanguage\":\"fr-FR\",\"@id\":\"https:\\\/\\\/chateau-plessis-mace.fr\\\/fr\\\/evenement\\\/silence_du_monde\\\/#primaryimage\",\"url\":\"https:\\\/\\\/chateau-plessis-mace.fr\\\/wp-content\\\/uploads\\\/2024\\\/09\\\/cpm26-image_mise_en_avant-silence_du_monde.jpg\",\"contentUrl\":\"https:\\\/\\\/chateau-plessis-mace.fr\\\/wp-content\\\/uploads\\\/2024\\\/09\\\/cpm26-image_mise_en_avant-silence_du_monde.jpg\",\"width\":415,\"height\":360},{\"@type\":\"BreadcrumbList\",\"@id\":\"https:\\\/\\\/chateau-plessis-mace.fr\\\/fr\\\/evenement\\\/silence_du_monde\\\/#breadcrumb\",\"itemListElement\":[{\"@type\":\"ListItem\",\"position\":1,\"name\":\"Accueil\",\"item\":\"https:\\\/\\\/chateau-plessis-mace.fr\\\/fr\\\/\"},{\"@type\":\"ListItem\",\"position\":2,\"name\":\"\u00c9v\u00e9nements\",\"item\":\"https:\\\/\\\/chateau-plessis-mace.fr\\\/fr\\\/evenement\\\/\"},{\"@type\":\"ListItem\",\"position\":3,\"name\":\"Le silence du monde | Installation magique\"}]},{\"@type\":\"WebSite\",\"@id\":\"https:\\\/\\\/chateau-plessis-mace.fr\\\/fr\\\/#website\",\"url\":\"https:\\\/\\\/chateau-plessis-mace.fr\\\/fr\\\/\",\"name\":\"Ch\u00e2teau du Plessis-Mac\u00e9\",\"description\":\"Le ch\u00e2teau du Plessis-Mac\u00e9 participe pleinement \u00e0 sa vocation d&#039;espace culturel, riche d&#039;actions vers le spectacle vivant mais \u00e9galement vers le patrimoine.\",\"publisher\":{\"@id\":\"https:\\\/\\\/chateau-plessis-mace.fr\\\/fr\\\/#organization\"},\"potentialAction\":[{\"@type\":\"SearchAction\",\"target\":{\"@type\":\"EntryPoint\",\"urlTemplate\":\"https:\\\/\\\/chateau-plessis-mace.fr\\\/fr\\\/?s={search_term_string}\"},\"query-input\":{\"@type\":\"PropertyValueSpecification\",\"valueRequired\":true,\"valueName\":\"search_term_string\"}}],\"inLanguage\":\"fr-FR\"},{\"@type\":\"Organization\",\"@id\":\"https:\\\/\\\/chateau-plessis-mace.fr\\\/fr\\\/#organization\",\"name\":\"Ch\u00e2teau du Plessis-Mac\u00e9\",\"url\":\"https:\\\/\\\/chateau-plessis-mace.fr\\\/fr\\\/\",\"logo\":{\"@type\":\"ImageObject\",\"inLanguage\":\"fr-FR\",\"@id\":\"https:\\\/\\\/chateau-plessis-mace.fr\\\/fr\\\/#\\\/schema\\\/logo\\\/image\\\/\",\"url\":\"https:\\\/\\\/chateau-plessis-mace.fr\\\/wp-content\\\/uploads\\\/2022\\\/06\\\/LOGO-LE-PLESSIS-MACE-NOIR-HD.png\",\"contentUrl\":\"https:\\\/\\\/chateau-plessis-mace.fr\\\/wp-content\\\/uploads\\\/2022\\\/06\\\/LOGO-LE-PLESSIS-MACE-NOIR-HD.png\",\"width\":1800,\"height\":1000,\"caption\":\"Ch\u00e2teau du Plessis-Mac\u00e9\"},\"image\":{\"@id\":\"https:\\\/\\\/chateau-plessis-mace.fr\\\/fr\\\/#\\\/schema\\\/logo\\\/image\\\/\"},\"sameAs\":[\"https:\\\/\\\/www.facebook.com\\\/chateauplessismace\",\"https:\\\/\\\/www.instagram.com\\\/chateauplessismace\\\/\"]}]}<\/script>\n<!-- \/ Yoast SEO plugin. -->","yoast_head_json":{"title":"Le silence du monde | Installation magique - Ch\u00e2teau du Plessis-Mac\u00e9","robots":{"index":"index","follow":"follow","max-snippet":"max-snippet:-1","max-image-preview":"max-image-preview:large","max-video-preview":"max-video-preview:-1"},"canonical":"https:\/\/chateau-plessis-mace.fr\/fr\/evenement\/silence_du_monde\/","og_locale":"fr_FR","og_type":"article","og_title":"Le silence du monde | Installation magique - Ch\u00e2teau du Plessis-Mac\u00e9","og_description":"[vc_row type=\u00a0\u00bbfull_width_content\u00a0\u00bb full_screen_row_position=\u00a0\u00bbmiddle\u00a0\u00bb column_margin=\u00a0\u00bbdefault\u00a0\u00bb column_direction=\u00a0\u00bbdefault\u00a0\u00bb column_direction_tablet=\u00a0\u00bbdefault\u00a0\u00bb column_direction_phone=\u00a0\u00bbdefault\u00a0\u00bb scene_position=\u00a0\u00bbcenter\u00a0\u00bb text_color=\u00a0\u00bbdark\u00a0\u00bb text_align=\u00a0\u00bbleft\u00a0\u00bb row_border_radius=\u00a0\u00bbnone\u00a0\u00bb row_border_radius_applies=\u00a0\u00bbbg\u00a0\u00bb overlay_strength=\u00a0\u00bb0.3&Prime; gradient_direction=\u00a0\u00bbleft_to_right\u00a0\u00bb shape_divider_position=\u00a0\u00bbbottom\u00a0\u00bb bg_image_animation=\u00a0\u00bbnone\u00a0\u00bb shape_type=\u00a0\u00bb\u00a0\u00bb][vc_column column_padding=\u00a0\u00bbno-extra-padding\u00a0\u00bb column_padding_tablet=\u00a0\u00bbinherit\u00a0\u00bb column_padding_phone=\u00a0\u00bbinherit\u00a0\u00bb column_padding_position=\u00a0\u00bball\u00a0\u00bb background_color_opacity=\u00a0\u00bb1&Prime; background_hover_color_opacity=\u00a0\u00bb1&Prime; column_shadow=\u00a0\u00bbnone\u00a0\u00bb column_border_radius=\u00a0\u00bbnone\u00a0\u00bb column_link_target=\u00a0\u00bb_self\u00a0\u00bb gradient_direction=\u00a0\u00bbleft_to_right\u00a0\u00bb overlay_strength=\u00a0\u00bb0.3&Prime; width=\u00a0\u00bb1\/1&Prime; tablet_width_inherit=\u00a0\u00bbdefault\u00a0\u00bb...","og_url":"https:\/\/chateau-plessis-mace.fr\/fr\/evenement\/silence_du_monde\/","og_site_name":"Ch\u00e2teau du Plessis-Mac\u00e9","article_publisher":"https:\/\/www.facebook.com\/chateauplessismace","article_modified_time":"2026-09-01T10:09:59+00:00","og_image":[{"width":415,"height":360,"url":"https:\/\/chateau-plessis-mace.fr\/wp-content\/uploads\/2024\/09\/cpm26-image_mise_en_avant-silence_du_monde.jpg","type":"image\/jpeg"}],"twitter_card":"summary_large_image","twitter_misc":{"Dur\u00e9e de lecture estim\u00e9e":"3 minutes"},"schema":{"@context":"https:\/\/schema.org","@graph":[{"@type":"WebPage","@id":"https:\/\/chateau-plessis-mace.fr\/fr\/evenement\/silence_du_monde\/","url":"https:\/\/chateau-plessis-mace.fr\/fr\/evenement\/silence_du_monde\/","name":"Le silence du monde | Installation magique - Ch\u00e2teau du Plessis-Mac\u00e9","isPartOf":{"@id":"https:\/\/chateau-plessis-mace.fr\/fr\/#website"},"primaryImageOfPage":{"@id":"https:\/\/chateau-plessis-mace.fr\/fr\/evenement\/silence_du_monde\/#primaryimage"},"image":{"@id":"https:\/\/chateau-plessis-mace.fr\/fr\/evenement\/silence_du_monde\/#primaryimage"},"thumbnailUrl":"https:\/\/chateau-plessis-mace.fr\/wp-content\/uploads\/2024\/09\/cpm26-image_mise_en_avant-silence_du_monde.jpg","datePublished":"2024-09-09T09:57:19+00:00","dateModified":"2026-09-01T10:09:59+00:00","breadcrumb":{"@id":"https:\/\/chateau-plessis-mace.fr\/fr\/evenement\/silence_du_monde\/#breadcrumb"},"inLanguage":"fr-FR","potentialAction":[{"@type":"ReadAction","target":["https:\/\/chateau-plessis-mace.fr\/fr\/evenement\/silence_du_monde\/"]}]},{"@type":"ImageObject","inLanguage":"fr-FR","@id":"https:\/\/chateau-plessis-mace.fr\/fr\/evenement\/silence_du_monde\/#primaryimage","url":"https:\/\/chateau-plessis-mace.fr\/wp-content\/uploads\/2024\/09\/cpm26-image_mise_en_avant-silence_du_monde.jpg","contentUrl":"https:\/\/chateau-plessis-mace.fr\/wp-content\/uploads\/2024\/09\/cpm26-image_mise_en_avant-silence_du_monde.jpg","width":415,"height":360},{"@type":"BreadcrumbList","@id":"https:\/\/chateau-plessis-mace.fr\/fr\/evenement\/silence_du_monde\/#breadcrumb","itemListElement":[{"@type":"ListItem","position":1,"name":"Accueil","item":"https:\/\/chateau-plessis-mace.fr\/fr\/"},{"@type":"ListItem","position":2,"name":"\u00c9v\u00e9nements","item":"https:\/\/chateau-plessis-mace.fr\/fr\/evenement\/"},{"@type":"ListItem","position":3,"name":"Le silence du monde | Installation magique"}]},{"@type":"WebSite","@id":"https:\/\/chateau-plessis-mace.fr\/fr\/#website","url":"https:\/\/chateau-plessis-mace.fr\/fr\/","name":"Ch\u00e2teau du Plessis-Mac\u00e9","description":"Le ch\u00e2teau du Plessis-Mac\u00e9 participe pleinement \u00e0 sa vocation d&#039;espace culturel, riche d&#039;actions vers le spectacle vivant mais \u00e9galement vers le patrimoine.","publisher":{"@id":"https:\/\/chateau-plessis-mace.fr\/fr\/#organization"},"potentialAction":[{"@type":"SearchAction","target":{"@type":"EntryPoint","urlTemplate":"https:\/\/chateau-plessis-mace.fr\/fr\/?s={search_term_string}"},"query-input":{"@type":"PropertyValueSpecification","valueRequired":true,"valueName":"search_term_string"}}],"inLanguage":"fr-FR"},{"@type":"Organization","@id":"https:\/\/chateau-plessis-mace.fr\/fr\/#organization","name":"Ch\u00e2teau du Plessis-Mac\u00e9","url":"https:\/\/chateau-plessis-mace.fr\/fr\/","logo":{"@type":"ImageObject","inLanguage":"fr-FR","@id":"https:\/\/chateau-plessis-mace.fr\/fr\/#\/schema\/logo\/image\/","url":"https:\/\/chateau-plessis-mace.fr\/wp-content\/uploads\/2022\/06\/LOGO-LE-PLESSIS-MACE-NOIR-HD.png","contentUrl":"https:\/\/chateau-plessis-mace.fr\/wp-content\/uploads\/2022\/06\/LOGO-LE-PLESSIS-MACE-NOIR-HD.png","width":1800,"height":1000,"caption":"Ch\u00e2teau du Plessis-Mac\u00e9"},"image":{"@id":"https:\/\/chateau-plessis-mace.fr\/fr\/#\/schema\/logo\/image\/"},"sameAs":["https:\/\/www.facebook.com\/chateauplessismace","https:\/\/www.instagram.com\/chateauplessismace\/"]}]}},"_links":{"self":[{"href":"https:\/\/chateau-plessis-mace.fr\/fr\/wp-json\/wp\/v2\/evenement\/5397","targetHints":{"allow":["GET"]}}],"collection":[{"href":"https:\/\/chateau-plessis-mace.fr\/fr\/wp-json\/wp\/v2\/evenement"}],"about":[{"href":"https:\/\/chateau-plessis-mace.fr\/fr\/wp-json\/wp\/v2\/types\/evenement"}],"wp:featuredmedia":[{"embeddable":true,"href":"https:\/\/chateau-plessis-mace.fr\/fr\/wp-json\/wp\/v2\/media\/7157"}],"wp:attachment":[{"href":"https:\/\/chateau-plessis-mace.fr\/fr\/wp-json\/wp\/v2\/media?parent=5397"}],"curies":[{"name":"wp","href":"https:\/\/api.w.org\/{rel}","templated":true}]}}